{"id":10400,"date":"2018-02-26T14:57:48","date_gmt":"2018-02-26T14:57:48","guid":{"rendered":"https:\/\/terrasdomino.deputacionlugo.org\/inicio\/"},"modified":"2026-04-14T08:35:40","modified_gmt":"2026-04-14T08:35:40","slug":"inicio","status":"publish","type":"page","link":"https:\/\/terrasdomino.deputacionlugo.org\/es\/","title":{"rendered":"inicio"},"content":{"rendered":"[vc_row ct_row_stretch=\u00bbstretch_row\u00bb full_height=\u00bbyes\u00bb content_placement=\u00bbmiddle\u00bb ct_bg_image=\u00bb9215&#8243; ct_bg_repeat=\u00bbno-repeat\u00bb ct_bg_size=\u00bbcover\u00bb][vc_column css=\u00bb.vc_custom_1687433019867{background-image: url(https:\/\/terrasdomino.deputacionlugo.org\/wp-content\/uploads\/2023\/06\/transparencia-cabtm.png?id=9752) !important;background-position: center !important;background-repeat: no-repeat !important;background-size: contain !important;}\u00bb]<div class=\"ult-spacer spacer-69f1127b0f14e\" data-id=\"69f1127b0f14e\" data-height=\"49\" data-height-mobile=\"\" data-height-tab=\"20\" data-height-tab-portrait=\"\" data-height-mobile-landscape=\"15\" style=\"clear:both;display:block;\"><\/div><div id=\"ultimate-heading-345669f1127b0f1a3\" class=\"uvc-heading ult-adjust-bottom-margin ultimate-heading-345669f1127b0f1a3 uvc-8186 \" data-hspacer=\"no_spacer\"  data-halign=\"center\" style=\"text-align:center\"><div class=\"uvc-heading-spacer no_spacer\" style=\"top\"><\/div><div class=\"uvc-sub-heading ult-responsive\"  data-ultimate-target='.uvc-heading.ultimate-heading-345669f1127b0f1a3 .uvc-sub-heading '  data-responsive-json-new='{\"font-size\":\"desktop:35px;tablet:45px;tablet_portrait:45px;mobile_landscape:15px;mobile:15px;\",\"line-height\":\"desktop:38px;tablet:38px;tablet_portrait:38px;mobile_landscape:30px;mobile:30px;\"}'  style=\"font-family:&#039;Open Sans&#039;;font-weight:600;color:#ffffff;\">\n<p style=\"text-align: center;\">RESERVA DE LA BIOSFERA<\/p>\n<\/div><\/div><div id=\"ultimate-heading-453969f1127b0f1f2\" class=\"uvc-heading ult-adjust-bottom-margin ultimate-heading-453969f1127b0f1f2 uvc-7908 \" data-hspacer=\"no_spacer\"  data-halign=\"center\" style=\"text-align:center\"><div class=\"uvc-heading-spacer no_spacer\" style=\"top\"><\/div><div class=\"uvc-main-heading ult-responsive\"  data-ultimate-target='.uvc-heading.ultimate-heading-453969f1127b0f1f2 h1'  data-responsive-json-new='{\"font-size\":\"desktop:115px;tablet:45px;tablet_portrait:40px;mobile_landscape:30px;mobile:30px;\",\"line-height\":\"\"}' ><h1 style=\"font-weight:bold;color:#ffffff;\">TERRAS DO MI\u00d1O<\/h1><\/div><\/div><div class=\"ult-spacer spacer-69f1127b0f235\" data-id=\"69f1127b0f235\" data-height=\"22\" data-height-mobile=\"22\" data-height-tab=\"22\" data-height-tab-portrait=\"\" data-height-mobile-landscape=\"\" style=\"clear:both;display:block;\"><\/div>[\/vc_column][vc_column offset=\u00bbvc_col-md-offset-2 vc_col-md-8&#8243;]<div class=\"ult-spacer spacer-69f1127b0f261\" data-id=\"69f1127b0f261\" data-height=\"40\" data-height-mobile=\"40\" data-height-tab=\"40\" data-height-tab-portrait=\"\" data-height-mobile-landscape=\"\" style=\"clear:both;display:block;\"><\/div>[\/vc_column][vc_column offset=\u00bbvc_col-lg-offset-4 vc_col-lg-4&#8243;]<div class=\"ult-spacer spacer-69f1127b0f294\" data-id=\"69f1127b0f294\" data-height=\"20\" data-height-mobile=\"20\" data-height-tab=\"20\" data-height-tab-portrait=\"\" data-height-mobile-landscape=\"10\" style=\"clear:both;display:block;\"><\/div>[\/vc_column][\/vc_row][vc_row ct_row_stretch=\u00bb\u00bb equal_height=\u00bbyes\u00bb ct_bg_color=\u00bb#0071ce\u00bb ct_bg_image=\u00bb8856&#8243; ct_bg_size=\u00bbcover\u00bb css=\u00bb.vc_custom_1519645284022{border-radius: 4px !important;}\u00bb el_class=\u00bbtop-gap\u00bb][vc_column width=\u00bb1\/3&#8243; offset=\u00bbvc_col-lg-offset-0 vc_col-lg-4 vc_col-md-offset-0 vc_col-md-4 vc_col-sm-offset-0 vc_col-xs-12&#8243;]<div class=\"ult-spacer spacer-69f1127b0f2bc\" data-id=\"69f1127b0f2bc\" data-height=\"60\" data-height-mobile=\"60\" data-height-tab=\"60\" data-height-tab-portrait=\"\" data-height-mobile-landscape=\"50\" style=\"clear:both;display:block;\"><\/div>[vc_row_inner][vc_column_inner width=\u00bb5\/6&#8243; css=\u00bb.vc_custom_1515595079190{padding-right: 0px !important;padding-left: 0px !important;}\u00bb offset=\u00bbvc_col-lg-3 vc_col-md-4&#8243;]<div class=\"ult-content-box-container \" >\t\t<div class=\"ult-content-box\" style=\"box-shadow: px px px px none;margin-left:40px;-webkit-transition: all 700ms ease;-moz-transition: all 700ms ease;-ms-transition: all 700ms ease;-o-transition: all 700ms ease;transition: all 700ms ease;\"  data-hover_box_shadow=\"none\"   data-responsive_margins=\"margin:15px;\"   data-normal_margins=\"margin-left:40px;\"  >[vc_single_image image=\u00bb9607&#8243; img_size=\u00bbfull\u00bb alignment=\u00bbcenter\u00bb]\t\t<\/div><\/div>[\/vc_column_inner][vc_column_inner css=\u00bb.vc_custom_1515411606184{padding-right: 0px !important;padding-left: 0px !important;}\u00bb offset=\u00bbvc_col-lg-9 vc_col-md-8&#8243;]<div class=\"ult-spacer spacer-69f1127b0f32b\" data-id=\"69f1127b0f32b\" data-height=\"12\" data-height-mobile=\"\" data-height-tab=\"32\" data-height-tab-portrait=\"\" data-height-mobile-landscape=\"20\" style=\"clear:both;display:block;\"><\/div><div class=\"ult-content-box-container \" >\t\t<div class=\"ult-content-box\" style=\"box-shadow: px px px px none;padding:0px;margin-top:0px;margin-right:15px;margin-bottom:0px;margin-left:30px;-webkit-transition: all 700ms ease;-moz-transition: all 700ms ease;-ms-transition: all 700ms ease;-o-transition: all 700ms ease;transition: all 700ms ease;\"  data-hover_box_shadow=\"none\"   data-responsive_margins=\"margin-top:0px;margin-right:15px;margin-bottom:30px;margin-left:15px;\"   data-normal_margins=\"margin-top:0px;margin-right:15px;margin-bottom:0px;margin-left:30px;\"  ><div id=\"ultimate-heading-781569f1127b0f3e8\" class=\"uvc-heading ult-adjust-bottom-margin ultimate-heading-781569f1127b0f3e8 uvc-8342 text-center-xs\" data-hspacer=\"no_spacer\"  data-halign=\"left\" style=\"text-align:left\"><div class=\"uvc-heading-spacer no_spacer\" style=\"top\"><\/div><div class=\"uvc-main-heading ult-responsive\"  data-ultimate-target='.uvc-heading.ultimate-heading-781569f1127b0f3e8 h2'  data-responsive-json-new='{\"font-size\":\"desktop:22px;\",\"line-height\":\"\"}' ><h2 style=\"font-family:&#039;Montserrat&#039;;font-weight:700;color:#ffffff;margin-bottom:10px;\">Descubre<\/h2><\/div><div class=\"uvc-sub-heading ult-responsive\"  data-ultimate-target='.uvc-heading.ultimate-heading-781569f1127b0f3e8 .uvc-sub-heading '  data-responsive-json-new='{\"font-size\":\"desktop:16px;\",\"line-height\":\"desktop:30px;\"}'  style=\"font-family:&#039;Open Sans&#039;;font-weight:normal;color:#ffffff;\">Patrimonio natural y cultural<\/div><\/div><div class=\"ult-spacer spacer-69f1127b0f424\" data-id=\"69f1127b0f424\" data-height=\"21\" data-height-mobile=\"21\" data-height-tab=\"21\" data-height-tab-portrait=\"\" data-height-mobile-landscape=\"\" style=\"clear:both;display:block;\"><\/div><div class=\" ubtn-ctn-left cargo_popup text-center-xs\"><a class=\"ubtn-link ult-adjust-bottom-margin ubtn-left ubtn-custom cargo_popup text-center-xs\" href=\"https:\/\/terrasdomino.deputacionlugo.org\/es\/descubre\/\" title=\"descubre\" target=\"_blank\" rel=\"noopener\" ><button type=\"button\" id=\"ubtn-4983\"  class=\"ubtn ult-adjust-bottom-margin ult-responsive ubtn-custom ubtn-no-hover-bg  none  ubtn-left   tooltip-69f1127b0f459\"  data-hover=\"\" data-border-color=\"#ffffff\" data-bg=\"#0071ce\" data-hover-bg=\"\" data-border-hover=\"\" data-shadow-hover=\"\" data-shadow-click=\"none\" data-shadow=\"\" data-shd-shadow=\"\"  data-ultimate-target='#ubtn-4983'  data-responsive-json-new='{\"font-size\":\"\",\"line-height\":\"\"}'  style=\"font-weight:normal;width:70px;min-height:37px;padding:px px;border-radius:3px;border-width:1px;border-color:#ffffff;border-style:solid;background: #0071ce;color: #ffffff;\"><span class=\"ubtn-data ubtn-icon\"><i class=\"none\" style=\"font-size:20px;color:#ffffff;\"><\/i><\/span><span class=\"ubtn-hover\" style=\"background-color:\"><\/span><span class=\"ubtn-data ubtn-text \" >VER<\/span><\/button><\/a><\/div>\t\t<\/div><\/div>[\/vc_column_inner][\/vc_row_inner][\/vc_column][vc_column width=\u00bb1\/3&#8243; offset=\u00bbvc_col-lg-offset-0 vc_col-lg-4 vc_col-md-offset-0 vc_col-md-4 vc_col-sm-offset-0 vc_col-xs-12&#8243; css=\u00bb.vc_custom_1515587334327{margin-bottom: 0px !important;}\u00bb]<div class=\"ult-spacer spacer-69f1127b0f4d5\" data-id=\"69f1127b0f4d5\" data-height=\"60\" data-height-mobile=\"60\" data-height-tab=\"60\" data-height-tab-portrait=\"\" data-height-mobile-landscape=\"5\" style=\"clear:both;display:block;\"><\/div>[vc_row_inner][vc_column_inner width=\u00bb5\/6&#8243; css=\u00bb.vc_custom_1515411683061{padding-right: 0px !important;padding-left: 0px !important;}\u00bb offset=\u00bbvc_col-lg-3 vc_col-md-4&#8243;]<div class=\"ult-content-box-container \" >\t\t<div class=\"ult-content-box\" style=\"box-shadow: px px px px none;margin-left:40px;-webkit-transition: all 700ms ease;-moz-transition: all 700ms ease;-ms-transition: all 700ms ease;-o-transition: all 700ms ease;transition: all 700ms ease;\"  data-hover_box_shadow=\"none\"   data-responsive_margins=\"margin:0px;\"   data-normal_margins=\"margin-left:40px;\"  >[vc_single_image image=\u00bb9609&#8243; img_size=\u00bbfull\u00bb alignment=\u00bbcenter\u00bb css=\u00bb.vc_custom_1684924902668{border-radius: 4px !important;}\u00bb]\t\t<\/div><\/div>[\/vc_column_inner][vc_column_inner css=\u00bb.vc_custom_1515411760875{padding-right: 0px !important;padding-left: 0px !important;}\u00bb offset=\u00bbvc_col-lg-9 vc_col-md-8&#8243;]<div class=\"ult-spacer spacer-69f1127b0f53e\" data-id=\"69f1127b0f53e\" data-height=\"12\" data-height-mobile=\"\" data-height-tab=\"28\" data-height-tab-portrait=\"\" data-height-mobile-landscape=\"20\" style=\"clear:both;display:block;\"><\/div><div class=\"ult-content-box-container \" >\t\t<div class=\"ult-content-box\" style=\"box-shadow: px px px px none;padding:0px;margin-top:0px;margin-right:15px;margin-bottom:0px;margin-left:30px;-webkit-transition: all 700ms ease;-moz-transition: all 700ms ease;-ms-transition: all 700ms ease;-o-transition: all 700ms ease;transition: all 700ms ease;\"  data-hover_box_shadow=\"none\"   data-responsive_margins=\"margin-top:0px;margin-right:15px;margin-bottom:30px;margin-left:15px;\"   data-normal_margins=\"margin-top:0px;margin-right:15px;margin-bottom:0px;margin-left:30px;\"  ><div id=\"ultimate-heading-159069f1127b0f5b1\" class=\"uvc-heading ult-adjust-bottom-margin ultimate-heading-159069f1127b0f5b1 uvc-4553 text-center-xs\" data-hspacer=\"no_spacer\"  data-halign=\"left\" style=\"text-align:left\"><div class=\"uvc-heading-spacer no_spacer\" style=\"top\"><\/div><div class=\"uvc-main-heading ult-responsive\"  data-ultimate-target='.uvc-heading.ultimate-heading-159069f1127b0f5b1 h2'  data-responsive-json-new='{\"font-size\":\"desktop:22px;\",\"line-height\":\"\"}' ><h2 style=\"font-family:&#039;Montserrat&#039;;font-weight:700;color:#ffffff;margin-bottom:10px;\">Viaja<\/h2><\/div><div class=\"uvc-sub-heading ult-responsive\"  data-ultimate-target='.uvc-heading.ultimate-heading-159069f1127b0f5b1 .uvc-sub-heading '  data-responsive-json-new='{\"font-size\":\"desktop:16px;\",\"line-height\":\"desktop:30px;\"}'  style=\"font-family:&#039;Open Sans&#039;;font-weight:normal;color:#ffffff;\">Planifica tu viaje<\/div><\/div><div class=\"ult-spacer spacer-69f1127b0f5e5\" data-id=\"69f1127b0f5e5\" data-height=\"21\" data-height-mobile=\"21\" data-height-tab=\"21\" data-height-tab-portrait=\"\" data-height-mobile-landscape=\"\" style=\"clear:both;display:block;\"><\/div><div class=\" ubtn-ctn-left cargo_popup text-center-xs\"><a class=\"ubtn-link ult-adjust-bottom-margin ubtn-left ubtn-custom cargo_popup text-center-xs\" href=\"https:\/\/terrasdomino.deputacionlugo.org\/es\/planifica-a-tua-viaxe\/\" title=\"Planifica-a-tua-viaxe\" target=\"_blank\" rel=\"noopener\" ><button type=\"button\" id=\"ubtn-5314\"  class=\"ubtn ult-adjust-bottom-margin ult-responsive ubtn-custom ubtn-no-hover-bg  none  ubtn-left   tooltip-69f1127b0f609\"  data-hover=\"\" data-border-color=\"#ffffff\" data-bg=\"#0071ce\" data-hover-bg=\"\" data-border-hover=\"\" data-shadow-hover=\"\" data-shadow-click=\"none\" data-shadow=\"\" data-shd-shadow=\"\"  data-ultimate-target='#ubtn-5314'  data-responsive-json-new='{\"font-size\":\"\",\"line-height\":\"\"}'  style=\"font-weight:normal;width:70px;min-height:37px;padding:px px;border-radius:3px;border-width:1px;border-color:#ffffff;border-style:solid;background: #0071ce;color: #ffffff;\"><span class=\"ubtn-data ubtn-icon\"><i class=\"none\" style=\"font-size:20px;color:#ffffff;\"><\/i><\/span><span class=\"ubtn-hover\" style=\"background-color:\"><\/span><span class=\"ubtn-data ubtn-text \" >VER<\/span><\/button><\/a><\/div>\t\t<\/div><\/div><div class=\"ult-spacer spacer-69f1127b0f651\" data-id=\"69f1127b0f651\" data-height=\"25\" data-height-mobile=\"25\" data-height-tab=\"25\" data-height-tab-portrait=\"\" data-height-mobile-landscape=\"\" style=\"clear:both;display:block;\"><\/div>[\/vc_column_inner][\/vc_row_inner][\/vc_column][vc_column width=\u00bb1\/3&#8243; css=\u00bb.vc_custom_1515409805015{border-radius: 4px !important;}\u00bb offset=\u00bbvc_col-lg-offset-0 vc_col-lg-4 vc_col-md-offset-0 vc_col-md-4 vc_col-sm-offset-0 vc_col-xs-12&#8243;]<div class=\"ult-spacer spacer-69f1127b0f676\" data-id=\"69f1127b0f676\" data-height=\"60\" data-height-mobile=\"60\" data-height-tab=\"60\" data-height-tab-portrait=\"\" data-height-mobile-landscape=\"5\" style=\"clear:both;display:block;\"><\/div>[vc_row_inner][vc_column_inner width=\u00bb5\/6&#8243; css=\u00bb.vc_custom_1515579502907{padding-right: 0px !important;padding-left: 0px !important;}\u00bb offset=\u00bbvc_col-lg-3 vc_col-md-4 vc_col-xs-12&#8243;]<div class=\"ult-content-box-container \" >\t\t<div class=\"ult-content-box\" style=\"box-shadow: px px px px none;margin-left:40px;-webkit-transition: all 700ms ease;-moz-transition: all 700ms ease;-ms-transition: all 700ms ease;-o-transition: all 700ms ease;transition: all 700ms ease;\"  data-hover_box_shadow=\"none\"   data-responsive_margins=\"margin:0px;\"   data-normal_margins=\"margin-left:40px;\"  >[vc_single_image image=\u00bb9611&#8243; img_size=\u00bbfull\u00bb alignment=\u00bbcenter\u00bb]\t\t<\/div><\/div>[\/vc_column_inner][vc_column_inner css=\u00bb.vc_custom_1515411780316{padding-right: 0px !important;padding-left: 0px !important;}\u00bb offset=\u00bbvc_col-lg-9 vc_col-md-8&#8243;]<div class=\"ult-spacer spacer-69f1127b0f6cf\" data-id=\"69f1127b0f6cf\" data-height=\"12\" data-height-mobile=\"12\" data-height-tab=\"12\" data-height-tab-portrait=\"\" data-height-mobile-landscape=\"20\" style=\"clear:both;display:block;\"><\/div><div class=\"ult-content-box-container \" >\t\t<div class=\"ult-content-box\" style=\"box-shadow: px px px px none;padding:0px;margin-top:0px;margin-right:15px;margin-bottom:0px;margin-left:30px;-webkit-transition: all 700ms ease;-moz-transition: all 700ms ease;-ms-transition: all 700ms ease;-o-transition: all 700ms ease;transition: all 700ms ease;\"  data-hover_box_shadow=\"none\"   data-responsive_margins=\"margin-top:0px;margin-right:15px;margin-bottom:30px;margin-left:15px;\"   data-normal_margins=\"margin-top:0px;margin-right:15px;margin-bottom:0px;margin-left:30px;\"  ><div id=\"ultimate-heading-155669f1127b0f72f\" class=\"uvc-heading ult-adjust-bottom-margin ultimate-heading-155669f1127b0f72f uvc-6132 text-center-xs\" data-hspacer=\"no_spacer\"  data-halign=\"left\" style=\"text-align:left\"><div class=\"uvc-heading-spacer no_spacer\" style=\"top\"><\/div><div class=\"uvc-main-heading ult-responsive\"  data-ultimate-target='.uvc-heading.ultimate-heading-155669f1127b0f72f h2'  data-responsive-json-new='{\"font-size\":\"desktop:22px;\",\"line-height\":\"\"}' ><h2 style=\"font-family:&#039;Montserrat&#039;;font-weight:700;color:#ffffff;margin-bottom:10px;\">Contacta<\/h2><\/div><div class=\"uvc-sub-heading ult-responsive\"  data-ultimate-target='.uvc-heading.ultimate-heading-155669f1127b0f72f .uvc-sub-heading '  data-responsive-json-new='{\"font-size\":\"desktop:16px;\",\"line-height\":\"desktop:30px;\"}'  style=\"font-family:&#039;Open Sans&#039;;font-weight:normal;color:#ffffff;\">Tel\u00e9fonos de inter\u00e9s<\/div><\/div><div class=\"ult-spacer spacer-69f1127b0f761\" data-id=\"69f1127b0f761\" data-height=\"21\" data-height-mobile=\"21\" data-height-tab=\"21\" data-height-tab-portrait=\"\" data-height-mobile-landscape=\"\" style=\"clear:both;display:block;\"><\/div><div class=\" ubtn-ctn-left cargo_popup text-center-xs\"><a class=\"ubtn-link ult-adjust-bottom-margin ubtn-left ubtn-custom cargo_popup text-center-xs\" href=\"https:\/\/terrasdomino.deputacionlugo.org\/es\/contacto\/\" title=\"Contacto\" target=\"_blank\" rel=\"noopener\" ><button type=\"button\" id=\"ubtn-5582\"  class=\"ubtn ult-adjust-bottom-margin ult-responsive ubtn-custom ubtn-no-hover-bg  none  ubtn-left   tooltip-69f1127b0f783\"  data-hover=\"\" data-border-color=\"#ffffff\" data-bg=\"#0071ce\" data-hover-bg=\"\" data-border-hover=\"\" data-shadow-hover=\"\" data-shadow-click=\"none\" data-shadow=\"\" data-shd-shadow=\"\"  data-ultimate-target='#ubtn-5582'  data-responsive-json-new='{\"font-size\":\"\",\"line-height\":\"\"}'  style=\"font-weight:normal;width:70px;min-height:37px;padding:px px;border-radius:3px;border-width:1px;border-color:#ffffff;border-style:solid;background: #0071ce;color: #ffffff;\"><span class=\"ubtn-data ubtn-icon\"><i class=\"none\" style=\"font-size:20px;color:#ffffff;\"><\/i><\/span><span class=\"ubtn-hover\" style=\"background-color:\"><\/span><span class=\"ubtn-data ubtn-text \" >VER<\/span><\/button><\/a><\/div>\t\t<\/div><\/div>[\/vc_column_inner][\/vc_row_inner][\/vc_column][\/vc_row][vc_row ct_row_stretch=\u00bbstretch_row\u00bb][vc_column width=\u00bb1\/6&#8243;]<div class=\"ult-animation  ult-animate-viewport  ult-no-mobile \" data-animate=\"fadeInUp\" data-animation-delay=\"0\" data-animation-duration=\"1\" data-animation-iteration=\"1\" style=\"opacity:0;\" data-opacity_start_effect=\"\"><\/div>[\/vc_column][vc_column width=\u00bb2\/3&#8243;]<div class=\"ult-spacer spacer-69f1127b0f7ed\" data-id=\"69f1127b0f7ed\" data-height=\"139\" data-height-mobile=\"\" data-height-tab=\"100\" data-height-tab-portrait=\"\" data-height-mobile-landscape=\"40\" style=\"clear:both;display:block;\"><\/div><div id=\"ultimate-heading-463469f1127b0f813\" class=\"uvc-heading ult-adjust-bottom-margin ultimate-heading-463469f1127b0f813 uvc-710 \" data-hspacer=\"no_spacer\"  data-halign=\"center\" style=\"text-align:center\"><div class=\"uvc-heading-spacer no_spacer\" style=\"top\"><\/div><div class=\"uvc-main-heading ult-responsive\"  data-ultimate-target='.uvc-heading.ultimate-heading-463469f1127b0f813 h2'  data-responsive-json-new='{\"font-size\":\"desktop:35px;\",\"line-height\":\"\"}' ><h2 style=\"font-family:&#039;Montserrat&#039;;font-weight:700;color:#232829;margin-bottom:8px;\">\u00bfQU\u00c9 ES UNA RESERVA DE LA BIOSFERA?<\/h2><\/div><\/div><div class=\"ult-spacer spacer-69f1127b0f848\" data-id=\"69f1127b0f848\" data-height=\"5\" data-height-mobile=\"5\" data-height-tab=\"5\" data-height-tab-portrait=\"\" data-height-mobile-landscape=\"\" style=\"clear:both;display:block;\"><\/div>[vc_separator color=\u00bbcustom\u00bb border_width=\u00bb4&#8243; el_width=\u00bb10&#8243; accent_color=\u00bb#429338&#8243;]<div class=\"ult-spacer spacer-69f1127b0f873\" data-id=\"69f1127b0f873\" data-height=\"5\" data-height-mobile=\"5\" data-height-tab=\"5\" data-height-tab-portrait=\"\" data-height-mobile-landscape=\"\" style=\"clear:both;display:block;\"><\/div>[vc_column_text]\n<p style=\"text-align: center; font-size: 19px;\">Las Reservas de la Biosfera son territorios cuyo objetivo es armonizar la conservaci\u00f3n de la diversidad biol\u00f3gica y cultural y el desarrollo econ\u00f3mico y social a trav\u00e9s de la relaci\u00f3n de las personas con la naturaleza.<br \/>\nSe establecen sobre zonas ecol\u00f3gicamente representativas o de valor \u00fanico, en ambientes terrestres, costeros y marinos, en las cuales la integraci\u00f3n de la poblaci\u00f3n humana y sus actividades con la conservaci\u00f3n son esenciales.<\/p>\n[\/vc_column_text]<div class=\"ult-spacer spacer-69f1127b0f896\" data-id=\"69f1127b0f896\" data-height=\"85\" data-height-mobile=\"\" data-height-tab=\"40\" data-height-tab-portrait=\"\" data-height-mobile-landscape=\"\" style=\"clear:both;display:block;\"><\/div>[\/vc_column][vc_column width=\u00bb1\/6&#8243;][\/vc_column][\/vc_row][vc_row ct_row_stretch=\u00bb\u00bb css_animation=\u00bbfadeInUp\u00bb][vc_column width=\u00bb1\/3&#8243;]<div class=\"ult-content-box-container \" >\t\t<div class=\"ult-content-box\" style=\"box-shadow: px px px px #eaeaea none;border-style:solid;border-width:1px;border-radius:0px;border-color:#429338;padding:20px;margin:20px;-webkit-transition: all 700ms ease;-moz-transition: all 700ms ease;-ms-transition: all 700ms ease;-o-transition: all 700ms ease;transition: all 700ms ease;\"  data-hover_box_shadow=\"none\"  data-hover_border_color=\"#429338\"    data-normal_margins=\"margin:20px;\"   data-border_color=\"#429338\" >[vc_single_image image=\u00bb9603&#8243; img_size=\u00bb48&#215;48&#8243; alignment=\u00bbcenter\u00bb]<div class=\"ult-spacer spacer-69f1127b0f8f6\" data-id=\"69f1127b0f8f6\" data-height=\"30\" data-height-mobile=\"30\" data-height-tab=\"30\" data-height-tab-portrait=\"\" data-height-mobile-landscape=\"\" style=\"clear:both;display:block;\"><\/div><div id=\"ultimate-heading-570769f1127b0f91c\" class=\"uvc-heading ult-adjust-bottom-margin ultimate-heading-570769f1127b0f91c uvc-9984 text-center-xs\" data-hspacer=\"no_spacer\"  data-halign=\"left\" style=\"text-align:left\"><div class=\"uvc-heading-spacer no_spacer\" style=\"top\"><\/div><div class=\"uvc-sub-heading ult-responsive\"  data-ultimate-target='.uvc-heading.ultimate-heading-570769f1127b0f91c .uvc-sub-heading '  data-responsive-json-new='{\"font-size\":\"desktop:24px;tablet:21px;tablet_portrait:18px;mobile_landscape:24px;mobile:24px;\",\"line-height\":\"\"}'  style=\"font-family:&#039;Open Sans&#039;;font-weight:300;color:#282c2e;\">\n<p style=\"text-align: center;\">Programa MaB de<br \/>\nla UNESCO<\/p>\n<\/div><\/div><div class=\"ult-spacer spacer-69f1127b0f949\" data-id=\"69f1127b0f949\" data-height=\"30\" data-height-mobile=\"30\" data-height-tab=\"30\" data-height-tab-portrait=\"\" data-height-mobile-landscape=\"\" style=\"clear:both;display:block;\"><\/div><div id=\"ultimate-heading-164869f1127b0f96a\" class=\"uvc-heading ult-adjust-bottom-margin ultimate-heading-164869f1127b0f96a uvc-7260 text-center-xs\" data-hspacer=\"no_spacer\"  data-halign=\"left\" style=\"text-align:left\"><div class=\"uvc-heading-spacer no_spacer\" style=\"top\"><\/div><div class=\"uvc-sub-heading ult-responsive\"  data-ultimate-target='.uvc-heading.ultimate-heading-164869f1127b0f96a .uvc-sub-heading '  data-responsive-json-new='{\"font-size\":\"desktop:16px;tablet:16px;tablet_portrait:16px;mobile_landscape:16px;mobile:15px;\",\"line-height\":\"desktop:30px;tablet:30px;tablet_portrait:30px;mobile_landscape:25px;mobile:25px;\"}'  style=\"font-weight:normal;color:#686868;\">El Programa Persona y Biosfera (MaB), iniciado a principios de los a\u00f1os 70, es un Programa Intergubernamental de la UNESCO creado con el objetivo de establecer una base cient\u00edfica para mejorar la relaci\u00f3n de las personas con su entorno.<\/p>\n<p>La Secretar\u00eda Internacional del Programa MaB est\u00e1 ubicada en la sede de la UNESCO en Par\u00eds, y su \u00f3rgano de gobierno es el Consejo Internacional de Coordinaci\u00f3n (CIC), compuesto en cada momento, de manera rotatoria, por treinta y cuatro Estados de entre los que son miembros de la UNESCO.<\/p>\n<p>Para la ejecuci\u00f3n de su trabajo en el terreno el Programa MaB centra sus actuaciones en la Red Mundial de Reservas de la Biosfera, fomentando el intercambio de conocimientos entre las reservas, la investigaci\u00f3n y el monitoreo, la educaci\u00f3n, la formaci\u00f3n y la toma de decisiones participativa.<\/div><\/div><div class=\"ult-spacer spacer-69f1127b0f98d\" data-id=\"69f1127b0f98d\" data-height=\"\" data-height-mobile=\"\" data-height-tab=\"\" data-height-tab-portrait=\"\" data-height-mobile-landscape=\"30\" style=\"clear:both;display:block;\"><\/div><div class=\" ubtn-ctn-center cargo_popup text-center-xs\"><a class=\"ubtn-link ult-adjust-bottom-margin ubtn-center ubtn-custom cargo_popup text-center-xs\" href=\"https:\/\/en.unesco.org\/biosphere\/wnbr\" title=\"descubre\" target=\"_blank\" rel=\"noopener\" ><button type=\"button\" id=\"ubtn-3805\"  class=\"ubtn ult-adjust-bottom-margin ult-responsive ubtn-custom ubtn-no-hover-bg  none  ubtn-center   tooltip-69f1127b0f9af\"  data-hover=\"\" data-border-color=\"#ffffff\" data-bg=\"#429338\" data-hover-bg=\"\" data-border-hover=\"\" data-shadow-hover=\"\" data-shadow-click=\"none\" data-shadow=\"\" data-shd-shadow=\"\"  data-ultimate-target='#ubtn-3805'  data-responsive-json-new='{\"font-size\":\"\",\"line-height\":\"\"}'  style=\"font-weight:normal;width:70px;min-height:37px;padding:10px px;border-radius:3px;border-width:1px;border-color:#ffffff;border-style:solid;background: #429338;color: #ffffff;\"><span class=\"ubtn-data ubtn-icon\"><i class=\"none\" style=\"font-size:20px;color:#ffffff;\"><\/i><\/span><span class=\"ubtn-hover\" style=\"background-color:\"><\/span><span class=\"ubtn-data ubtn-text \" >Saber +<\/span><\/button><\/a><\/div>\t\t<\/div><\/div>[\/vc_column][vc_column width=\u00bb1\/3&#8243;]<div class=\"ult-content-box-container \" >\t\t<div class=\"ult-content-box\" style=\"box-shadow: px px px px none;border-style:solid;border-width:1px;border-radius:0px;border-color:#429338;padding:20px;margin:20px;-webkit-transition: all 700ms ease;-moz-transition: all 700ms ease;-ms-transition: all 700ms ease;-o-transition: all 700ms ease;transition: all 700ms ease;\"  data-hover_box_shadow=\"none\"  data-hover_border_color=\"#429338\"    data-normal_margins=\"margin:20px;\"   data-border_color=\"#429338\" >[vc_single_image image=\u00bb9605&#8243; img_size=\u00bb60&#215;48&#8243; alignment=\u00bbcenter\u00bb]<div class=\"ult-spacer spacer-69f1127b0fa30\" data-id=\"69f1127b0fa30\" data-height=\"30\" data-height-mobile=\"30\" data-height-tab=\"30\" data-height-tab-portrait=\"\" data-height-mobile-landscape=\"\" style=\"clear:both;display:block;\"><\/div><div id=\"ultimate-heading-408069f1127b0fa56\" class=\"uvc-heading ult-adjust-bottom-margin ultimate-heading-408069f1127b0fa56 uvc-6057 text-center-xs\" data-hspacer=\"no_spacer\"  data-halign=\"left\" style=\"text-align:left\"><div class=\"uvc-heading-spacer no_spacer\" style=\"top\"><\/div><div class=\"uvc-sub-heading ult-responsive\"  data-ultimate-target='.uvc-heading.ultimate-heading-408069f1127b0fa56 .uvc-sub-heading '  data-responsive-json-new='{\"font-size\":\"desktop:24px;tablet:21px;tablet_portrait:18px;mobile_landscape:24px;mobile:24px;\",\"line-height\":\"\"}'  style=\"font-family:&#039;Open Sans&#039;;font-weight:300;color:#282c2e;\">\n<p style=\"text-align: center;\">Programa MaB<br \/>\nen Espa\u00f1a<\/p>\n<\/div><\/div><div class=\"ult-spacer spacer-69f1127b0fa82\" data-id=\"69f1127b0fa82\" data-height=\"30\" data-height-mobile=\"30\" data-height-tab=\"30\" data-height-tab-portrait=\"\" data-height-mobile-landscape=\"\" style=\"clear:both;display:block;\"><\/div><div id=\"ultimate-heading-905669f1127b0faa3\" class=\"uvc-heading ult-adjust-bottom-margin ultimate-heading-905669f1127b0faa3 uvc-5109 text-center-xs\" data-hspacer=\"no_spacer\"  data-halign=\"left\" style=\"text-align:left\"><div class=\"uvc-heading-spacer no_spacer\" style=\"top\"><\/div><div class=\"uvc-sub-heading ult-responsive\"  data-ultimate-target='.uvc-heading.ultimate-heading-905669f1127b0faa3 .uvc-sub-heading '  data-responsive-json-new='{\"font-size\":\"desktop:16px;tablet:16px;tablet_portrait:16px;mobile_landscape:16px;mobile:15px;\",\"line-height\":\"desktop:30px;tablet:30px;tablet_portrait:30px;mobile_landscape:25px;mobile:25px;\"}'  style=\"font-weight:normal;color:#686868;\">El Organismo Aut\u00f3nomo Parques Nacionales (OAPN) del Ministerio para la Transici\u00f3n Ecol\u00f3gica y el Reto Demogr\u00e1fico, es el encargado de la coordinaci\u00f3n del desarrollo en Espa\u00f1a del Programa Persona y Biosfera (MaB) de la UNESCO.<\/p>\n<p>Las funciones del OAPN para la coordinaci\u00f3n del desarrollo del Programa MaB de la UNESCO se establecen en el Real Decreto 342\/2007, de 9 de marzo, y el Real Decreto 387\/2013, de 31 de mayo, por el que se modifica el anterior. Ambos decretos regulan el desarrollo de las funciones del programa MaB, as\u00ed como el Comit\u00e9 Espa\u00f1ol del MaB, en el Organismo Aut\u00f3nomo Parques Nacionales.<\/p>\n<p>El OAPN cuenta con la Secretar\u00eda del Programa MaB en Espa\u00f1a, que se encarga de la coordinaci\u00f3n y dinamizaci\u00f3n de la Red Espa\u00f1ola de Reservas de la Biosfera (RERB) y de la Secretar\u00eda del Comit\u00e9 Espa\u00f1ol del Programa MaB y de sus \u00f3rganos asesores (Consejo de Gestores y Consejo Cient\u00edfico).<\/div><\/div><div class=\"ult-spacer spacer-69f1127b0fac5\" data-id=\"69f1127b0fac5\" data-height=\"\" data-height-mobile=\"\" data-height-tab=\"\" data-height-tab-portrait=\"\" data-height-mobile-landscape=\"30\" style=\"clear:both;display:block;\"><\/div><div class=\" ubtn-ctn-center cargo_popup text-center-xs\"><a class=\"ubtn-link ult-adjust-bottom-margin ubtn-center ubtn-custom cargo_popup text-center-xs\" href=\"http:\/\/rerb.oapn.es\/\" title=\"descubre\" target=\"_blank\" rel=\"noopener\" ><button type=\"button\" id=\"ubtn-4753\"  class=\"ubtn ult-adjust-bottom-margin ult-responsive ubtn-custom ubtn-no-hover-bg  none  ubtn-center   tooltip-69f1127b0fae6\"  data-hover=\"\" data-border-color=\"#ffffff\" data-bg=\"#429338\" data-hover-bg=\"\" data-border-hover=\"\" data-shadow-hover=\"\" data-shadow-click=\"none\" data-shadow=\"\" data-shd-shadow=\"\"  data-ultimate-target='#ubtn-4753'  data-responsive-json-new='{\"font-size\":\"\",\"line-height\":\"\"}'  style=\"font-weight:normal;width:70px;min-height:37px;padding:10px px;border-radius:3px;border-width:1px;border-color:#ffffff;border-style:solid;background: #429338;color: #ffffff;\"><span class=\"ubtn-data ubtn-icon\"><i class=\"none\" style=\"font-size:20px;color:#ffffff;\"><\/i><\/span><span class=\"ubtn-hover\" style=\"background-color:\"><\/span><span class=\"ubtn-data ubtn-text \" >Saber +<\/span><\/button><\/a><\/div>\t\t<\/div><\/div>[\/vc_column][vc_column width=\u00bb1\/3&#8243;]<div class=\"ult-content-box-container \" >\t\t<div class=\"ult-content-box\" style=\"box-shadow: px px px px none;border-style:solid;border-width:1px;border-color:#429338;padding:20px;margin:20px;-webkit-transition: all 700ms ease;-moz-transition: all 700ms ease;-ms-transition: all 700ms ease;-o-transition: all 700ms ease;transition: all 700ms ease;\"  data-hover_box_shadow=\"none\"  data-hover_border_color=\"#429338\"    data-normal_margins=\"margin:20px;\"   data-border_color=\"#429338\" >[vc_single_image image=\u00bb9827&#8243; img_size=\u00bb44&#215;44&#8243; alignment=\u00bbcenter\u00bb]<div class=\"ult-spacer spacer-69f1127b0fb6a\" data-id=\"69f1127b0fb6a\" data-height=\"30\" data-height-mobile=\"30\" data-height-tab=\"30\" data-height-tab-portrait=\"\" data-height-mobile-landscape=\"\" style=\"clear:both;display:block;\"><\/div><div id=\"ultimate-heading-208469f1127b0fb90\" class=\"uvc-heading ult-adjust-bottom-margin ultimate-heading-208469f1127b0fb90 uvc-5422 text-center-xs\" data-hspacer=\"no_spacer\"  data-halign=\"left\" style=\"text-align:left\"><div class=\"uvc-heading-spacer no_spacer\" style=\"top\"><\/div><div class=\"uvc-sub-heading ult-responsive\"  data-ultimate-target='.uvc-heading.ultimate-heading-208469f1127b0fb90 .uvc-sub-heading '  data-responsive-json-new='{\"font-size\":\"desktop:24px;tablet:21px;tablet_portrait:18px;mobile_landscape:24px;mobile:24px;\",\"line-height\":\"\"}'  style=\"font-family:&#039;Open Sans&#039;;font-weight:300;color:#282c2e;\">\n<p style=\"text-align: center;\">Reservas de la Biosfera<br \/>\nde Galicia<\/p>\n<\/div><\/div><div class=\"ult-spacer spacer-69f1127b0fbbb\" data-id=\"69f1127b0fbbb\" data-height=\"30\" data-height-mobile=\"30\" data-height-tab=\"30\" data-height-tab-portrait=\"\" data-height-mobile-landscape=\"\" style=\"clear:both;display:block;\"><\/div><div id=\"ultimate-heading-264769f1127b0fbdb\" class=\"uvc-heading ult-adjust-bottom-margin ultimate-heading-264769f1127b0fbdb uvc-130 text-center-xs\" data-hspacer=\"no_spacer\"  data-halign=\"left\" style=\"text-align:left\"><div class=\"uvc-heading-spacer no_spacer\" style=\"top\"><\/div><div class=\"uvc-sub-heading ult-responsive\"  data-ultimate-target='.uvc-heading.ultimate-heading-264769f1127b0fbdb .uvc-sub-heading '  data-responsive-json-new='{\"font-size\":\"desktop:16px;tablet:16px;tablet_portrait:16px;mobile_landscape:16px;mobile:15px;\",\"line-height\":\"desktop:30px;tablet:30px;tablet_portrait:30px;mobile_landscape:25px;mobile:25px;\"}'  style=\"font-weight:normal;color:#686868;\">Galicia cuenta con siete Reservas de la Biosfera que representan el 35% del territorio de la Comunidad Aut\u00f3noma, reconocidos por el Programa MaB da UNESCO como Reservas de Biosfera:<\/p>\n<ol>\n<li>Reserva de la Biosfera Terras do Mi\u00f1o (Lugo) &#8211; 2002.<\/li>\n<li>Reserva de la Biosfera \u00c1rea de Allariz (Ourense) &#8211; 2005.<\/li>\n<li>Reserva de la Biosfera Os Ancares Lucenses e Montes de Cervantes, Navia e Becerre\u00e1 (Lugo) &#8211; 2006.<\/li>\n<li>Reserva de la Biosfera O R\u00edo Eo, Oscos e Terras do Bur\u00f3n (Lugo) &#8211; 2007.<\/li>\n<li>Reserva de la Biosfera Transfronteiriza Xur\u00e9s-Ger\u00eas (Ourense y Portugal) &#8211; 2009.<\/li>\n<li>Reserva de la Biosfera As Mari\u00f1as Coru\u00f1esas e Terras do Mandeo (A Coru\u00f1a) &#8211; 2013.<\/li>\n<li>Reserva de la Biosfera Ribeira Sacra e Serras do Oribio e Courel (Lugo y Ourense) &#8211; 2021.<\/li>\n<\/ol>\n<\/div><\/div><div class=\"ult-spacer spacer-69f1127b0fbfd\" data-id=\"69f1127b0fbfd\" data-height=\"\" data-height-mobile=\"\" data-height-tab=\"\" data-height-tab-portrait=\"\" data-height-mobile-landscape=\"30\" style=\"clear:both;display:block;\"><\/div><div class=\" ubtn-ctn-center cargo_popup text-center-xs\"><a class=\"ubtn-link ult-adjust-bottom-margin ubtn-center ubtn-custom cargo_popup text-center-xs\" href=\"https:\/\/patrimonionatural.xunta.gal\/es\/reservas-biosfera\" title=\"descubre\" target=\"_blank\" rel=\"noopener\" ><button type=\"button\" id=\"ubtn-3225\"  class=\"ubtn ult-adjust-bottom-margin ult-responsive ubtn-custom ubtn-no-hover-bg  none  ubtn-center   tooltip-69f1127b0fc1e\"  data-hover=\"\" data-border-color=\"#ffffff\" data-bg=\"#429338\" data-hover-bg=\"\" data-border-hover=\"\" data-shadow-hover=\"\" data-shadow-click=\"none\" data-shadow=\"\" data-shd-shadow=\"\"  data-ultimate-target='#ubtn-3225'  data-responsive-json-new='{\"font-size\":\"\",\"line-height\":\"\"}'  style=\"font-weight:normal;width:70px;min-height:37px;padding:10px px;border-radius:3px;border-width:1px;border-color:#ffffff;border-style:solid;background: #429338;color: #ffffff;\"><span class=\"ubtn-data ubtn-icon\"><i class=\"none\" style=\"font-size:20px;color:#ffffff;\"><\/i><\/span><span class=\"ubtn-hover\" style=\"background-color:\"><\/span><span class=\"ubtn-data ubtn-text \" >Saber +<\/span><\/button><\/a><\/div>\t\t<\/div><\/div>[\/vc_column][vc_column]<div class=\"ult-spacer spacer-69f1127b0fc68\" data-id=\"69f1127b0fc68\" data-height=\"145\" data-height-mobile=\"\" data-height-tab=\"100\" data-height-tab-portrait=\"\" data-height-mobile-landscape=\"40\" style=\"clear:both;display:block;\"><\/div>[\/vc_column][\/vc_row][vc_row ct_row_stretch=\u00bbstretch_row_content\u00bb equal_height=\u00bbyes\u00bb ct_bg_image=\u00bb9187&#8243;][vc_column width=\u00bb2\/3&#8243; offset=\u00bbvc_col-md-offset-3 vc_col-md-6 vc_col-sm-offset-2&#8243;]<div class=\"ult-spacer spacer-69f1127b0fc91\" data-id=\"69f1127b0fc91\" data-height=\"105\" data-height-mobile=\"\" data-height-tab=\"80\" data-height-tab-portrait=\"\" data-height-mobile-landscape=\"60\" style=\"clear:both;display:block;\"><\/div><div class=\"ult-animation  ult-animate-viewport  ult-no-mobile \" data-animate=\"fadeInUp\" data-animation-delay=\"0\" data-animation-duration=\"1\" data-animation-iteration=\"1\" style=\"opacity:0;\" data-opacity_start_effect=\"70\"><div id=\"ultimate-heading-129469f1127b0fd2b\" class=\"uvc-heading ult-adjust-bottom-margin ultimate-heading-129469f1127b0fd2b uvc-9160 \" data-hspacer=\"no_spacer\"  data-halign=\"center\" style=\"text-align:center\"><div class=\"uvc-heading-spacer no_spacer\" style=\"top\"><\/div><div class=\"uvc-main-heading ult-responsive\"  data-ultimate-target='.uvc-heading.ultimate-heading-129469f1127b0fd2b h2'  data-responsive-json-new='{\"font-size\":\"desktop:35px;\",\"line-height\":\"\"}' ><h2 style=\"font-family:&#039;Montserrat&#039;;font-weight:700;color:#ffffff;margin-bottom:20px;\">TERRAS DO MI\u00d1O<\/h2><\/div><div class=\"uvc-sub-heading ult-responsive\"  data-ultimate-target='.uvc-heading.ultimate-heading-129469f1127b0fd2b .uvc-sub-heading '  data-responsive-json-new='{\"font-size\":\"desktop:17px;\",\"line-height\":\"desktop:33px;\"}'  style=\"font-family:&#039;Open Sans&#039;;font-weight:normal;color:#ffffff;\">Reserva de la Biosfera<\/div><\/div><\/div><div class=\"ult-spacer spacer-69f1127b0fd6c\" data-id=\"69f1127b0fd6c\" data-height=\"85\" data-height-mobile=\"\" data-height-tab=\"40\" data-height-tab-portrait=\"\" data-height-mobile-landscape=\"\" style=\"clear:both;display:block;\"><\/div>[\/vc_column][vc_column width=\u00bb1\/2&#8243; offset=\u00bbvc_col-md-4&#8243;]<div class=\"ult-content-box-container \" >\t\t<div class=\"ult-content-box\" style=\"background-color:rgba(3,101,194,0.9);box-shadow: px px px px none;border-style:solid;border-width:0px;border-radius:4px;padding-right:15px;padding-left:15px;-webkit-transition: all 700ms ease;-moz-transition: all 700ms ease;-ms-transition: all 700ms ease;-o-transition: all 700ms ease;transition: all 700ms ease;\"  data-hover_box_shadow=\"none\"     data-bg=\"rgba(3,101,194,0.9)\"  data-border_color=\"\" >[vc_row_inner equal_height=\u00bbyes\u00bb content_placement=\u00bbmiddle\u00bb][vc_column_inner width=\u00bb1\/3&#8243; offset=\u00bbvc_col-xs-4&#8243;]<div class=\"ult-spacer spacer-69f1127b0fe10\" data-id=\"69f1127b0fe10\" data-height=\"44\" data-height-mobile=\"44\" data-height-tab=\"44\" data-height-tab-portrait=\"\" data-height-mobile-landscape=\"\" style=\"clear:both;display:block;\"><\/div><div class=\"stats-block stats-top   vc_custom_1691742461486\"><div class=\"aio-icon-top\"><div class=\"ult-just-icon-wrapper  \"><div class=\"align-icon\" style=\"text-align:center;\"><\/div><\/div><\/div><div class=\"stats-desc\" id=\"counter-responsv-wrap-8936\"><div id=\"counter_263750930569f1127b0fece\" data-id=\"counter_263750930569f1127b0fece\"  data-ultimate-target='#counter-responsv-wrap-8936 .stats-number'  data-responsive-json-new='{\"font-size\":\"desktop:50px;tablet:40px;\",\"line-height\":\"desktop:50px;tablet:40px;\"}'  class=\"stats-number ult-responsive\" style=\" color:#ffffff; font-family:&#039;Montserrat&#039;;font-weight:700;color:#ffffff;\" data-speed=\"3\" data-counter-value=\"4\" data-separator=\",\" data-decimal=\".\">0<\/div><div id=\"counter_263750930569f1127b0fece\"  data-ultimate-target='#counter-responsv-wrap-8936 .stats-text'  data-responsive-json-new='{\"font-size\":\"desktop:50px;tablet:40px;\",\"line-height\":\"desktop:50px;tablet:40px;\"}'  class=\"stats-text ult-responsive\" style=\"font-size:px; color:#ffffff; font-family:&#039;Montserrat&#039;;font-weight:700;\"><\/div><\/div><\/div><div class=\"ult-spacer spacer-69f1127b0ff00\" data-id=\"69f1127b0ff00\" data-height=\"46\" data-height-mobile=\"46\" data-height-tab=\"46\" data-height-tab-portrait=\"\" data-height-mobile-landscape=\"\" style=\"clear:both;display:block;\"><\/div>[\/vc_column_inner][vc_column_inner width=\u00bb2\/3&#8243; offset=\u00bbvc_col-xs-8&#8243;]<div class=\"ult-spacer spacer-69f1127b0ff1b\" data-id=\"69f1127b0ff1b\" data-height=\"57\" data-height-mobile=\"47\" data-height-tab=\"\" data-height-tab-portrait=\"\" data-height-mobile-landscape=\"\" style=\"clear:both;display:block;\"><\/div><div id=\"ultimate-heading-591869f1127b0ff41\" class=\"uvc-heading ult-adjust-bottom-margin ultimate-heading-591869f1127b0ff41 uvc-5717 \" data-hspacer=\"no_spacer\"  data-halign=\"left\" style=\"text-align:left\"><div class=\"uvc-heading-spacer no_spacer\" style=\"top\"><\/div><div class=\"uvc-main-heading ult-responsive\"  data-ultimate-target='.uvc-heading.ultimate-heading-591869f1127b0ff41 h2'  data-responsive-json-new='{\"font-size\":\"desktop:18px;mobile:16px;\",\"line-height\":\"\"}' ><h2 style=\"font-family:&#039;Montserrat&#039;;font-weight:700;color:#ffffff;margin-bottom:7px;\">PATRIMONIO MUNDIAL DE LA HUMANIDAD DE LA UNESCO<\/h2><\/div><div class=\"uvc-sub-heading ult-responsive\"  data-ultimate-target='.uvc-heading.ultimate-heading-591869f1127b0ff41 .uvc-sub-heading '  data-responsive-json-new='{\"font-size\":\"desktop:16px;mobile:14px;\",\"line-height\":\"desktop:30px;mobile:25px;\"}'  style=\"font-family:&#039;Open Sans&#039;;font-weight:normal;color:#ffffff;\">\n<\/div><\/div><div id=\"ultimate-heading-707669f1127b0ff7e\" class=\"uvc-heading ult-adjust-bottom-margin ultimate-heading-707669f1127b0ff7e uvc-5915 \" data-hspacer=\"no_spacer\"  data-halign=\"left\" style=\"text-align:left\"><div class=\"uvc-heading-spacer no_spacer\" style=\"top\"><\/div><div class=\"uvc-sub-heading ult-responsive\"  data-ultimate-target='.uvc-heading.ultimate-heading-707669f1127b0ff7e .uvc-sub-heading '  data-responsive-json-new='{\"font-size\":\"desktop:16px;mobile:14px;\",\"line-height\":\"desktop:30px;mobile:25px;\"}'  style=\"font-family:&#039;Open Sans&#039;;font-weight:normal;color:#ffffff;\">\n<h6 style=\"font-size: 11px;\"><span style=\"color: #ffffff;\"><em>Camino de Santiago (Norte y Primitivo, 1995) , Muralla Romana de Lugo (2000), Catedrales de Lugo y de Mondo\u00f1edo (2015)<\/em><\/span><\/h6>\n<\/div><\/div><div class=\"ult-spacer spacer-69f1127b0ffa6\" data-id=\"69f1127b0ffa6\" data-height=\"36\" data-height-mobile=\"36\" data-height-tab=\"36\" data-height-tab-portrait=\"\" data-height-mobile-landscape=\"\" style=\"clear:both;display:block;\"><\/div>[\/vc_column_inner][\/vc_row_inner]\t\t<\/div><\/div><div class=\"ult-spacer spacer-69f1127b0ffcb\" data-id=\"69f1127b0ffcb\" data-height=\"\" data-height-mobile=\"\" data-height-tab=\"\" data-height-tab-portrait=\"50\" data-height-mobile-landscape=\"\" style=\"clear:both;display:block;\"><\/div>[\/vc_column][vc_column width=\u00bb1\/2&#8243; offset=\u00bbvc_col-md-4&#8243;]<div class=\"ult-content-box-container \" >\t\t<div class=\"ult-content-box\" style=\"background-color:rgba(3,101,194,0.9);box-shadow: px px px px none;border-style:solid;border-width:0px;border-radius:4px;padding-right:15px;padding-left:15px;-webkit-transition: all 700ms ease;-moz-transition: all 700ms ease;-ms-transition: all 700ms ease;-o-transition: all 700ms ease;transition: all 700ms ease;\"  data-hover_box_shadow=\"none\"     data-bg=\"rgba(3,101,194,0.9)\"  data-border_color=\"\" >[vc_row_inner equal_height=\u00bbyes\u00bb content_placement=\u00bbmiddle\u00bb][vc_column_inner width=\u00bb1\/3&#8243; offset=\u00bbvc_col-xs-4&#8243;]<div class=\"ult-spacer spacer-69f1127b10035\" data-id=\"69f1127b10035\" data-height=\"44\" data-height-mobile=\"44\" data-height-tab=\"44\" data-height-tab-portrait=\"\" data-height-mobile-landscape=\"\" style=\"clear:both;display:block;\"><\/div><div class=\"stats-block stats-top   vc_custom_1691742766046\"><div class=\"aio-icon-top\"><div class=\"ult-just-icon-wrapper  \"><div class=\"align-icon\" style=\"text-align:center;\"><\/div><\/div><\/div><div class=\"stats-desc\" id=\"counter-responsv-wrap-2939\"><div id=\"counter_404314609869f1127b100ad\" data-id=\"counter_404314609869f1127b100ad\"  data-ultimate-target='#counter-responsv-wrap-2939 .stats-number'  data-responsive-json-new='{\"font-size\":\"desktop:50px;tablet:40px;\",\"line-height\":\"desktop:50px;tablet:40px;\"}'  class=\"stats-number ult-responsive\" style=\" color:#ffffff; font-family:&#039;Montserrat&#039;;font-weight:700;color:#ffffff;\" data-speed=\"3\" data-counter-value=\"1\" data-separator=\",\" data-decimal=\".\">0<\/div><div id=\"counter_404314609869f1127b100ad\"  data-ultimate-target='#counter-responsv-wrap-2939 .stats-text'  data-responsive-json-new='{\"font-size\":\"desktop:50px;tablet:40px;\",\"line-height\":\"desktop:50px;tablet:40px;\"}'  class=\"stats-text ult-responsive\" style=\"font-size:px; color:#ffffff; font-family:&#039;Montserrat&#039;;font-weight:700;\"><\/div><\/div><\/div><div class=\"ult-spacer spacer-69f1127b100db\" data-id=\"69f1127b100db\" data-height=\"46\" data-height-mobile=\"46\" data-height-tab=\"46\" data-height-tab-portrait=\"\" data-height-mobile-landscape=\"\" style=\"clear:both;display:block;\"><\/div>[\/vc_column_inner][vc_column_inner width=\u00bb2\/3&#8243; offset=\u00bbvc_col-xs-8&#8243;]<div class=\"ult-spacer spacer-69f1127b100f5\" data-id=\"69f1127b100f5\" data-height=\"57\" data-height-mobile=\"47\" data-height-tab=\"\" data-height-tab-portrait=\"\" data-height-mobile-landscape=\"\" style=\"clear:both;display:block;\"><\/div><div id=\"ultimate-heading-455069f1127b1011a\" class=\"uvc-heading ult-adjust-bottom-margin ultimate-heading-455069f1127b1011a uvc-2058 \" data-hspacer=\"no_spacer\"  data-halign=\"left\" style=\"text-align:left\"><div class=\"uvc-heading-spacer no_spacer\" style=\"top\"><\/div><div class=\"uvc-main-heading ult-responsive\"  data-ultimate-target='.uvc-heading.ultimate-heading-455069f1127b1011a h2'  data-responsive-json-new='{\"font-size\":\"desktop:18px;mobile:16px;\",\"line-height\":\"\"}' ><h2 style=\"font-family:&#039;Montserrat&#039;;font-weight:700;color:#ffffff;margin-bottom:7px;\">PATRIMONIO CULTURAL INMATERIAL DE LA UNESCO<\/h2><\/div><\/div><div id=\"ultimate-heading-532869f1127b1014d\" class=\"uvc-heading ult-adjust-bottom-margin ultimate-heading-532869f1127b1014d uvc-2509 \" data-hspacer=\"no_spacer\"  data-halign=\"left\" style=\"text-align:left\"><div class=\"uvc-heading-spacer no_spacer\" style=\"top\"><\/div><div class=\"uvc-sub-heading ult-responsive\"  data-ultimate-target='.uvc-heading.ultimate-heading-532869f1127b1014d .uvc-sub-heading '  data-responsive-json-new='{\"font-size\":\"desktop:16px;mobile:14px;\",\"line-height\":\"desktop:30px;mobile:25px;\"}'  style=\"font-family:&#039;Open Sans&#039;;font-weight:normal;color:#ffffff;\">\n<h6 style=\"font-size: 11px;\"><span style=\"color: #ffffff;\"><em>Muros de junta seca<\/em><\/span><\/h6>\n<\/div><\/div><div class=\"ult-spacer spacer-69f1127b10187\" data-id=\"69f1127b10187\" data-height=\"50\" data-height-mobile=\"50\" data-height-tab=\"50\" data-height-tab-portrait=\"\" data-height-mobile-landscape=\"\" style=\"clear:both;display:block;\"><\/div>[\/vc_column_inner][\/vc_row_inner]\t\t<\/div><\/div><div class=\"ult-spacer spacer-69f1127b101ac\" data-id=\"69f1127b101ac\" data-height=\"\" data-height-mobile=\"\" data-height-tab=\"\" data-height-tab-portrait=\"50\" data-height-mobile-landscape=\"\" style=\"clear:both;display:block;\"><\/div>[\/vc_column][vc_column width=\u00bb1\/2&#8243; offset=\u00bbvc_col-md-offset-0 vc_col-md-4 vc_col-sm-offset-3&#8243;]<div class=\"ult-content-box-container \" >\t\t<div class=\"ult-content-box\" style=\"background-color:rgba(3,101,194,0.9);box-shadow: px px px px none;border-style:solid;border-width:0px;border-radius:4px;padding-right:15px;padding-left:15px;-webkit-transition: all 700ms ease;-moz-transition: all 700ms ease;-ms-transition: all 700ms ease;-o-transition: all 700ms ease;transition: all 700ms ease;\"  data-hover_box_shadow=\"none\"     data-bg=\"rgba(3,101,194,0.9)\"  data-border_color=\"\" >[vc_row_inner equal_height=\u00bbyes\u00bb content_placement=\u00bbmiddle\u00bb][vc_column_inner width=\u00bb1\/3&#8243; offset=\u00bbvc_col-xs-4&#8243;]<div class=\"ult-spacer spacer-69f1127b1020e\" data-id=\"69f1127b1020e\" data-height=\"44\" data-height-mobile=\"44\" data-height-tab=\"44\" data-height-tab-portrait=\"\" data-height-mobile-landscape=\"\" style=\"clear:both;display:block;\"><\/div><div class=\"stats-block stats-top   vc_custom_1691742890424\"><div class=\"aio-icon-top\"><div class=\"ult-just-icon-wrapper  \"><div class=\"align-icon\" style=\"text-align:center;\"><\/div><\/div><\/div><div class=\"stats-desc\" id=\"counter-responsv-wrap-6034\"><div id=\"counter_54404112169f1127b10286\" data-id=\"counter_54404112169f1127b10286\"  data-ultimate-target='#counter-responsv-wrap-6034 .stats-number'  data-responsive-json-new='{\"font-size\":\"desktop:50px;tablet:40px;\",\"line-height\":\"desktop:50px;tablet:40px;\"}'  class=\"stats-number ult-responsive\" style=\" color:#ffffff; font-family:&#039;Montserrat&#039;;font-weight:700;color:#ffffff;\" data-speed=\"3\" data-counter-value=\"5\" data-separator=\",\" data-decimal=\".\">0<\/div><div id=\"counter_54404112169f1127b10286\"  data-ultimate-target='#counter-responsv-wrap-6034 .stats-text'  data-responsive-json-new='{\"font-size\":\"desktop:50px;\",\"line-height\":\"desktop:50px;\"}'  class=\"stats-text ult-responsive\" style=\"font-size:px; color:#ffffff; font-family:&#039;Montserrat&#039;;font-weight:700;\"><\/div><\/div><\/div><div class=\"ult-spacer spacer-69f1127b102b6\" data-id=\"69f1127b102b6\" data-height=\"46\" data-height-mobile=\"46\" data-height-tab=\"46\" data-height-tab-portrait=\"\" data-height-mobile-landscape=\"\" style=\"clear:both;display:block;\"><\/div>[\/vc_column_inner][vc_column_inner width=\u00bb2\/3&#8243; offset=\u00bbvc_col-xs-8&#8243;]<div class=\"ult-spacer spacer-69f1127b102d1\" data-id=\"69f1127b102d1\" data-height=\"57\" data-height-mobile=\"47\" data-height-tab=\"\" data-height-tab-portrait=\"\" data-height-mobile-landscape=\"\" style=\"clear:both;display:block;\"><\/div><div id=\"ultimate-heading-215769f1127b102f7\" class=\"uvc-heading ult-adjust-bottom-margin ultimate-heading-215769f1127b102f7 uvc-8810 \" data-hspacer=\"no_spacer\"  data-halign=\"left\" style=\"text-align:left\"><div class=\"uvc-heading-spacer no_spacer\" style=\"top\"><\/div><div class=\"uvc-main-heading ult-responsive\"  data-ultimate-target='.uvc-heading.ultimate-heading-215769f1127b102f7 h2'  data-responsive-json-new='{\"font-size\":\"desktop:18px;mobile:16px;\",\"line-height\":\"\"}' ><h2 style=\"font-family:&#039;Montserrat&#039;;font-weight:700;color:#ffffff;margin-bottom:7px;\">ESPACIOS PROTEGIDOS<\/h2><\/div><\/div><div id=\"ultimate-heading-690569f1127b1032d\" class=\"uvc-heading ult-adjust-bottom-margin ultimate-heading-690569f1127b1032d uvc-4071 \" data-hspacer=\"no_spacer\"  data-halign=\"left\" style=\"text-align:left\"><div class=\"uvc-heading-spacer no_spacer\" style=\"top\"><\/div><div class=\"uvc-sub-heading ult-responsive\"  data-ultimate-target='.uvc-heading.ultimate-heading-690569f1127b1032d .uvc-sub-heading '  data-responsive-json-new='{\"font-size\":\"desktop:12px;mobile:14px;\",\"line-height\":\"desktop:14px;mobile:14px;\"}'  style=\"font-family:&#039;Open Sans&#039;;font-weight:normal;color:#ffffff;\">\n<h6 style=\"font-size: 11px;\"><span style=\"color: #ffffff;\">ZEC Parga-Ladra-T\u00e1moga, ZEC Serra do Xistral, ZEC R\u00eda de Foz-Masma, ZEC Serra do Care\u00f3n, EPIN Lagos de Lousada<\/span><\/h6>\n<\/div><\/div><div class=\"ult-spacer spacer-69f1127b10357\" data-id=\"69f1127b10357\" data-height=\"44\" data-height-mobile=\"44\" data-height-tab=\"44\" data-height-tab-portrait=\"\" data-height-mobile-landscape=\"\" style=\"clear:both;display:block;\"><\/div>[\/vc_column_inner][\/vc_row_inner]\t\t<\/div><\/div><div class=\"ult-spacer spacer-69f1127b10385\" data-id=\"69f1127b10385\" data-height=\"\" data-height-mobile=\"\" data-height-tab=\"\" data-height-tab-portrait=\"50\" data-height-mobile-landscape=\"\" style=\"clear:both;display:block;\"><\/div>[\/vc_column][vc_column]<div class=\"ult-spacer spacer-69f1127b1039f\" data-id=\"69f1127b1039f\" data-height=\"155\" data-height-mobile=\"\" data-height-tab=\"80\" data-height-tab-portrait=\"\" data-height-mobile-landscape=\"40\" style=\"clear:both;display:block;\"><\/div>[vc_row_inner][vc_column_inner width=\u00bb5\/6&#8243;][\/vc_column_inner][vc_column_inner width=\u00bb1\/6&#8243; css=\u00bb.vc_custom_1691392572524{background-color: rgba(9,98,182,0.52) !important;*background-color: rgb(9,98,182) !important;}\u00bb][vc_column_text]\n<p style=\"text-align: center;\"><span style=\"color: #ffffff;\"><em>Caneiro do Piago (Outeiro de Rei)<\/em><\/span><\/p>\n[\/vc_column_text][\/vc_column_inner][\/vc_row_inner][\/vc_column][\/vc_row][vc_row ct_row_stretch=\u00bb\u00bb disable_element=\u00bbyes\u00bb][vc_column]<div class=\"ult-spacer spacer-69f1127b103b9\" data-id=\"69f1127b103b9\" data-height=\"144\" data-height-mobile=\"40\" data-height-tab=\"80\" data-height-tab-portrait=\"\" data-height-mobile-landscape=\"40\" style=\"clear:both;display:block;\"><\/div><div class=\"ult-animation  ult-animate-viewport  ult-no-mobile \" data-animate=\"fadeInUp\" data-animation-delay=\"0\" data-animation-duration=\"1\" data-animation-iteration=\"1\" style=\"opacity:0;\" data-opacity_start_effect=\"\"><div id=\"ultimate-heading-452469f1127b1040a\" class=\"uvc-heading ult-adjust-bottom-margin ultimate-heading-452469f1127b1040a uvc-3676 \" data-hspacer=\"no_spacer\"  data-halign=\"center\" style=\"text-align:center\"><div class=\"uvc-heading-spacer no_spacer\" style=\"top\"><\/div><div class=\"uvc-main-heading ult-responsive\"  data-ultimate-target='.uvc-heading.ultimate-heading-452469f1127b1040a h2'  data-responsive-json-new='{\"font-size\":\"desktop:35px;\",\"line-height\":\"\"}' ><h2 style=\"font-family:&#039;Montserrat&#039;;font-weight:700;color:#232829;\">NOVAS<\/h2><\/div><div class=\"uvc-sub-heading ult-responsive\"  data-ultimate-target='.uvc-heading.ultimate-heading-452469f1127b1040a .uvc-sub-heading '  data-responsive-json-new='{\"font-size\":\"desktop:18px;\",\"line-height\":\"desktop:30px;\"}'  style=\"font-family:&#039;Open Sans&#039;;font-weight:normal;color:#686868;\">Est\u00e9n al tanto de nuestras \u00faltimas publicaciones<\/div><\/div><\/div><div class=\"ult-spacer spacer-69f1127b10447\" data-id=\"69f1127b10447\" data-height=\"75\" data-height-mobile=\"75\" data-height-tab=\"75\" data-height-tab-portrait=\"\" data-height-mobile-landscape=\"\" style=\"clear:both;display:block;\"><\/div>[\/vc_column][\/vc_row][vc_row ct_row_stretch=\u00bbstretch_row_content_no_spaces\u00bb disable_element=\u00bbyes\u00bb][vc_column]<div class=\"crane-blog-widget crane-blog-layout-cell crane-column-2\" data-params=\"{&quot;layout&quot;:&quot;cell&quot;,&quot;image_resolution&quot;:&quot;crane-featured&quot;,&quot;show_title_description&quot;:&quot;true&quot;,&quot;show_tags&quot;:&quot;&quot;,&quot;show_excerpt&quot;:&quot;true&quot;,&quot;excerpt_strip_html&quot;:&quot;true&quot;,&quot;excerpt_height&quot;:&quot;170&quot;,&quot;show_read_more&quot;:&quot;&quot;,&quot;blog_cell_item_bg_color&quot;:&quot;#f8f7f5&quot;,&quot;grid_spacing&quot;:&quot;0&quot;,&quot;columns_cell&quot;:&quot;2&quot;,&quot;max_width&quot;:&quot;768&quot;,&quot;post_height_desktop&quot;:&quot;350&quot;,&quot;post_height_mobile&quot;:&quot;350&quot;,&quot;posts_limit&quot;:&quot;14&quot;,&quot;author&quot;:&quot;&quot;,&quot;category&quot;:&quot;classic-blog&quot;,&quot;tag&quot;:&quot;&quot;,&quot;order&quot;:&quot;DESC&quot;,&quot;orderby&quot;:&quot;post_date&quot;,&quot;show_custom_order&quot;:&quot;&quot;,&quot;include_sticky_blog_posts&quot;:&quot;true&quot;,&quot;target&quot;:&quot;same&quot;,&quot;style&quot;:&quot;corporate&quot;,&quot;hover_type&quot;:&quot;standard&quot;,&quot;hover_gradient__from&quot;:&quot;#7ad4f1&quot;,&quot;hover_gradient__to&quot;:&quot;#cef17a&quot;,&quot;img_proportion&quot;:&quot;1x1&quot;,&quot;show_pubdate&quot;:true,&quot;show_author&quot;:true,&quot;show_cats&quot;:true,&quot;show_comment_link&quot;:false,&quot;show_share_button&quot;:false,&quot;show_post_meta&quot;:&quot;author-and-date&quot;,&quot;columns&quot;:4}\"><div class=\"crane-blog-grid loading\"><div class=\"crane-blog-grid-sizer\"><\/div><div id=\"post-14014\" class=\"crane-blog-grid-item post-14014 post type-post status-publish format-standard has-post-thumbnail hentry category-reserva-de-la-biosfera\">\n\t<div class=\"crane-blog-grid-item-wrapper\">\n\n\t\t\t\t\t<div class=\"crane-blog-grid-item-placeholder\" style=\"background-image: url('https:\/\/terrasdomino.deputacionlugo.org\/wp-content\/uploads\/2026\/04\/270326-Xunta-de-Goberno-Axudas-tecido-asociativo-das-Reserva-1-1000x600.jpeg');\">\n\t\t\t\t<a href=\"https:\/\/terrasdomino.deputacionlugo.org\/es\/a-deputacion-destina-este-ano-340-000e-para-impulsar-o-tecido-asociativo-das-reservas-da-biosfera-terras-do-mino-e-os-ancares-lucenses\/\"><\/a>\n\t\t\t<\/div>\n\t\t\t\n\t\t\t<div class=\"crane-blog-grid-meta\">\r\n\t\t<h4 class=\"crane-blog-grid-meta__title\"><a href=\"https:\/\/terrasdomino.deputacionlugo.org\/es\/a-deputacion-destina-este-ano-340-000e-para-impulsar-o-tecido-asociativo-das-reservas-da-biosfera-terras-do-mino-e-os-ancares-lucenses\/\" rel=\"bookmark\"  class=\"blog-masonry__item__title\">A Deputaci\u00f3n destina este ano 340.000\u20ac para impulsar o tecido asociativo das Reservas da Biosfera Terras do Mi\u00f1o e Os Ancares Lucenses<\/a><\/h4>\t\t<div class=\"crane-blog-grid-meta__excerpt\">\r\n\t\t\tA Xunta de Goberno da Deputaci\u00f3n de Lugo aprobou este venres unha nova edici\u00f3n das axudas dirixidas ao tecido asociativo das Reservas da Biosfera Terras de Mi\u00f1o e Os Ancares Lucenses. A instituci\u00f3n provincial destinar\u00e1 340.000\u20ac a entidades sen \u00e1nimo de lucro que desenvolven a s\u00faa actividade nestes territorios, a trav\u00e9s de diferentes convocatorias. As\u00ed ...\t\t<\/div>\r\n\t\t\t<\/div>\r\n\n\t<\/div>\n<\/div>\n<div id=\"post-14008\" class=\"crane-blog-grid-item post-14008 post type-post status-publish format-standard has-post-thumbnail hentry category-reserva-de-la-biosfera\">\n\t<div class=\"crane-blog-grid-item-wrapper\">\n\n\t\t\t\t\t<div class=\"crane-blog-grid-item-placeholder\" style=\"background-image: url('https:\/\/terrasdomino.deputacionlugo.org\/wp-content\/uploads\/2026\/04\/Ancares.-Paisaxes.-Vista-xeral.-Montanas.-Fotos-960x600.jpg');\">\n\t\t\t\t<a href=\"https:\/\/terrasdomino.deputacionlugo.org\/es\/mana-abre-o-prazo-de-inscricion-para-as-novas-actividades-nas-reservas-da-biosfera-que-xestiona-a-deputacion\/\"><\/a>\n\t\t\t<\/div>\n\t\t\t\n\t\t\t<div class=\"crane-blog-grid-meta\">\r\n\t\t<h4 class=\"crane-blog-grid-meta__title\"><a href=\"https:\/\/terrasdomino.deputacionlugo.org\/es\/mana-abre-o-prazo-de-inscricion-para-as-novas-actividades-nas-reservas-da-biosfera-que-xestiona-a-deputacion\/\" rel=\"bookmark\"  class=\"blog-masonry__item__title\">Ma\u00f1\u00e1 abre o prazo de inscrici\u00f3n para as novas actividades nas Reservas da Biosfera que xestiona a Deputaci\u00f3n<\/a><\/h4>\t\t<div class=\"crane-blog-grid-meta__excerpt\">\r\n\t\t\tA Deputaci\u00f3n de Lugo abre ma\u00f1\u00e1 venres, d\u00eda 27 de marzo a partir das 8 da ma\u00f1\u00e1, o prazo para que todas as persoas interesadas poidan inscribirse na nova programaci\u00f3n de actividades gratu\u00edtas e de lecer que organiza a instituci\u00f3n provincial para este segundo trimestre do ano. O calendario incl\u00fae 19 propostas que tratan de ...\t\t<\/div>\r\n\t\t\t<\/div>\r\n\n\t<\/div>\n<\/div>\n<div id=\"post-14002\" class=\"crane-blog-grid-item crane-blog-grid-item-alt post-14002 post type-post status-publish format-standard has-post-thumbnail hentry category-reserva-de-la-biosfera\">\n\t<div class=\"crane-blog-grid-item-wrapper\">\n\t\t\t<div class=\"crane-blog-grid-meta\">\r\n\t\t<h4 class=\"crane-blog-grid-meta__title\"><a href=\"https:\/\/terrasdomino.deputacionlugo.org\/es\/a-deputacion-completa-a-ocupacion-dos-hortos-urbanos-do-rio-rato-coa-entrega-de-50-parcelas\/\" rel=\"bookmark\"  class=\"blog-masonry__item__title\">A Deputaci\u00f3n completa a ocupaci\u00f3n dos hortos urbanos do R\u00edo Rato coa entrega de 50 parcelas<\/a><\/h4>\t\t<div class=\"crane-blog-grid-meta__excerpt\">\r\n\t\t\tO Deputado de Medio Ambiente, Carlos L\u00f3pez L\u00f3pez, e o Concelleiro de Movementos Migratorios de Lugo, Waldir Sinistierra, entregaron este martes 50 hortos urbanos que a instituci\u00f3n provincial ten no Paseo do R\u00edo Rato na Reserva da Biosfera Terras do Mi\u00f1o. Deste total, 12 autorizaci\u00f3ns foron para antigos usuarios e usuarios que se lles esgotaba ...\t\t<\/div>\r\n\t\t\t<\/div>\r\n\t\t\t<div class=\"crane-blog-grid-item-placeholder\" style=\"background-image: url('https:\/\/terrasdomino.deputacionlugo.org\/wp-content\/uploads\/2026\/04\/240326-Entrega-hortos-Deputacion-1000x600.jpg');\">\n\t\t\t\t<a href=\"https:\/\/terrasdomino.deputacionlugo.org\/es\/a-deputacion-completa-a-ocupacion-dos-hortos-urbanos-do-rio-rato-coa-entrega-de-50-parcelas\/\"><\/a>\n\t\t\t<\/div>\n\t\t\t\t<\/div>\n<\/div>\n<div id=\"post-13996\" class=\"crane-blog-grid-item crane-blog-grid-item-alt post-13996 post type-post status-publish format-standard has-post-thumbnail hentry category-reserva-de-la-biosfera\">\n\t<div class=\"crane-blog-grid-item-wrapper\">\n\t\t\t<div class=\"crane-blog-grid-meta\">\r\n\t\t<h4 class=\"crane-blog-grid-meta__title\"><a href=\"https:\/\/terrasdomino.deputacionlugo.org\/es\/a-deputacion-participa-na-celebracion-polo-dia-da-arbore-impulsando-unha-nova-plantacion-de-especies-autoctonas-na-reserva-da-biosfera-terras-do-mino\/\" rel=\"bookmark\"  class=\"blog-masonry__item__title\">A Deputaci\u00f3n participa na celebraci\u00f3n polo D\u00eda da \u00c1rbore impulsando unha nova plantaci\u00f3n de especies aut\u00f3ctonas na Reserva da Biosfera Terras do Mi\u00f1o<\/a><\/h4>\t\t<div class=\"crane-blog-grid-meta__excerpt\">\r\n\t\t\tO Deputado de Medio Ambiente, Carlos L\u00f3pez L\u00f3pez, participou este s\u00e1bado nun acto organizado pola Federaci\u00f3n de Veci\u00f1os de Lugo con motivo da celebraci\u00f3n do D\u00eda da \u00c1rbore. Destacou o responsable provincial o compromiso coa conservaci\u00f3n do territorio da Deputaci\u00f3n, que impulsou neste caso a plantaci\u00f3n de especies aut\u00f3ctonas na Reserva da Biosfera Terras do ...\t\t<\/div>\r\n\t\t\t<\/div>\r\n\t\t\t<div class=\"crane-blog-grid-item-placeholder\" style=\"background-image: url('https:\/\/terrasdomino.deputacionlugo.org\/wp-content\/uploads\/2026\/04\/140326-Celebracion-polo-Dia-da-Arbore-1000x600.jpg');\">\n\t\t\t\t<a href=\"https:\/\/terrasdomino.deputacionlugo.org\/es\/a-deputacion-participa-na-celebracion-polo-dia-da-arbore-impulsando-unha-nova-plantacion-de-especies-autoctonas-na-reserva-da-biosfera-terras-do-mino\/\"><\/a>\n\t\t\t<\/div>\n\t\t\t\t<\/div>\n<\/div>\n<div id=\"post-13990\" class=\"crane-blog-grid-item post-13990 post type-post status-publish format-standard has-post-thumbnail hentry category-reserva-de-la-biosfera\">\n\t<div class=\"crane-blog-grid-item-wrapper\">\n\n\t\t\t\t\t<div class=\"crane-blog-grid-item-placeholder\" style=\"background-image: url('https:\/\/terrasdomino.deputacionlugo.org\/wp-content\/uploads\/2026\/04\/100326-Presentacion-Dia-da-Arbore-1000x600.jpg');\">\n\t\t\t\t<a href=\"https:\/\/terrasdomino.deputacionlugo.org\/es\/a-deputacion-repartira-250-especies-autoctonas-este-sabado-para-conmemorar-o-dia-da-arbore\/\"><\/a>\n\t\t\t<\/div>\n\t\t\t\n\t\t\t<div class=\"crane-blog-grid-meta\">\r\n\t\t<h4 class=\"crane-blog-grid-meta__title\"><a href=\"https:\/\/terrasdomino.deputacionlugo.org\/es\/a-deputacion-repartira-250-especies-autoctonas-este-sabado-para-conmemorar-o-dia-da-arbore\/\" rel=\"bookmark\"  class=\"blog-masonry__item__title\">A Deputaci\u00f3n repartir\u00e1 250 especies aut\u00f3ctonas este s\u00e1bado para conmemorar o D\u00eda da \u00c1rbore<\/a><\/h4>\t\t<div class=\"crane-blog-grid-meta__excerpt\">\r\n\t\t\tO Deputado de Medio Ambiente, Carlos L\u00f3pez L\u00f3pez, xunto ao Alcalde de Lugo, Miguel Fern\u00e1ndez M\u00e9ndez, e ao Presidente da Federaci\u00f3n de Veci\u00f1os Lucus Augusti, Jes\u00fas V\u00e1zquez Varela, participou este martes na Sala de Novas Tecnolox\u00edas da Casa Consistorial de Lugo na presentaci\u00f3n do D\u00eda da \u00c1rbore. A cita que ter\u00e1 lugar este s\u00e1bado \u00e1s ...\t\t<\/div>\r\n\t\t\t<\/div>\r\n\n\t<\/div>\n<\/div>\n<div id=\"post-13984\" class=\"crane-blog-grid-item post-13984 post type-post status-publish format-standard has-post-thumbnail hentry category-diputacion-lugo\">\n\t<div class=\"crane-blog-grid-item-wrapper\">\n\n\t\t\t\t\t<div class=\"crane-blog-grid-item-placeholder\" style=\"background-image: url('https:\/\/terrasdomino.deputacionlugo.org\/wp-content\/uploads\/2026\/04\/270226-Consello-de-Turismo-1000x600.jpg');\">\n\t\t\t\t<a href=\"https:\/\/terrasdomino.deputacionlugo.org\/es\/o-consello-de-turismo-aproba-as-bases-dos-premios-de-turismo-2026-e-avanza-as-accions-principais-do-ano\/\"><\/a>\n\t\t\t<\/div>\n\t\t\t\n\t\t\t<div class=\"crane-blog-grid-meta\">\r\n\t\t<h4 class=\"crane-blog-grid-meta__title\"><a href=\"https:\/\/terrasdomino.deputacionlugo.org\/es\/o-consello-de-turismo-aproba-as-bases-dos-premios-de-turismo-2026-e-avanza-as-accions-principais-do-ano\/\" rel=\"bookmark\"  class=\"blog-masonry__item__title\">O Consello de Turismo aproba as bases dos Premios de Turismo 2026 e avanza as acci\u00f3ns principais do ano<\/a><\/h4>\t\t<div class=\"crane-blog-grid-meta__excerpt\">\r\n\t\t\tA Vicepresidenta do Consello Provincial de Turismo e Deputada de R\u00e9xime Interior, Promoci\u00f3n do Territorio e Turismo, Pilar Garc\u00eda Porto, presidiu este venres a primeira reuni\u00f3n do ano deste \u00f3rgano participativo e consultivo da Deputaci\u00f3n de Lugo, no que se aprobaron as bases da convocatoria 2026 para os Premios de Turismo e se presentou o ...\t\t<\/div>\r\n\t\t\t<\/div>\r\n\n\t<\/div>\n<\/div>\n<div id=\"post-13944\" class=\"crane-blog-grid-item crane-blog-grid-item-alt post-13944 post type-post status-publish format-standard has-post-thumbnail hentry category-sin-categorizar\">\n\t<div class=\"crane-blog-grid-item-wrapper\">\n\t\t\t<div class=\"crane-blog-grid-meta\">\r\n\t\t<h4 class=\"crane-blog-grid-meta__title\"><a href=\"https:\/\/terrasdomino.deputacionlugo.org\/es\/las-turberas-de-o-xistral-se-integran-en-una-red-de-proteccion-europea\/\" rel=\"bookmark\"  class=\"blog-masonry__item__title\">Las turberas de O Xistral se integran en una red de protecci\u00f3n europea<\/a><\/h4>\t\t<div class=\"crane-blog-grid-meta__excerpt\">\r\n\t\t\tFuente: El Progreso Foto: El Progreso La reserva de la biosfera Terras do Mi\u00f1o, y de manera destacada las turberas de la Serra do Xistral, se incorporan a la red de\u00a0Global Flagship Landscapes, una organizaci\u00f3n promovida por\u00a0Wetlands International\u00a0que es una referencia a nivel global en conservaci\u00f3n y restauraci\u00f3n de humedales. Se trata de un hito ...\t\t<\/div>\r\n\t\t\t<\/div>\r\n\t\t\t<div class=\"crane-blog-grid-item-placeholder\" style=\"background-image: url('https:\/\/terrasdomino.deputacionlugo.org\/wp-content\/uploads\/2026\/02\/xistral-1000x600.jpg');\">\n\t\t\t\t<a href=\"https:\/\/terrasdomino.deputacionlugo.org\/es\/las-turberas-de-o-xistral-se-integran-en-una-red-de-proteccion-europea\/\"><\/a>\n\t\t\t<\/div>\n\t\t\t\t<\/div>\n<\/div>\n<div id=\"post-13978\" class=\"crane-blog-grid-item crane-blog-grid-item-alt post-13978 post type-post status-publish format-standard has-post-thumbnail hentry category-c-i-terras-do-mino-es\">\n\t<div class=\"crane-blog-grid-item-wrapper\">\n\t\t\t<div class=\"crane-blog-grid-meta\">\r\n\t\t<h4 class=\"crane-blog-grid-meta__title\"><a href=\"https:\/\/terrasdomino.deputacionlugo.org\/es\/a-presidenta-deu-hoxe-a-benvida-aos-novos-pequenos-exploradores-de-terras-do-mino\/\" rel=\"bookmark\"  class=\"blog-masonry__item__title\">A Presidenta deu hoxe a benvida aos novos pequenos exploradores de Terras do Mi\u00f1o<\/a><\/h4>\t\t<div class=\"crane-blog-grid-meta__excerpt\">\r\n\t\t\tA Presidenta da Deputaci\u00f3n de Lugo, Carmela L\u00f3pez, acompa\u00f1ada polo Deputado de Medio Ambiente, Carlos L\u00f3pez, recibiu na tarde deste venres no Centro de Interpretaci\u00f3n Terras do Mi\u00f1o aos nenos e nenas que participan na terceira edici\u00f3n do programa Exploradores do Mi\u00f1o, unha iniciativa promovida pola instituci\u00f3n provincial para fomentar a educaci\u00f3n ambiental neste espazo ...\t\t<\/div>\r\n\t\t\t<\/div>\r\n\t\t\t<div class=\"crane-blog-grid-item-placeholder\" style=\"background-image: url('https:\/\/terrasdomino.deputacionlugo.org\/wp-content\/uploads\/2026\/04\/060226-Benvida-aos-exploradores-1000x600.jpg');\">\n\t\t\t\t<a href=\"https:\/\/terrasdomino.deputacionlugo.org\/es\/a-presidenta-deu-hoxe-a-benvida-aos-novos-pequenos-exploradores-de-terras-do-mino\/\"><\/a>\n\t\t\t<\/div>\n\t\t\t\t<\/div>\n<\/div>\n<div id=\"post-13972\" class=\"crane-blog-grid-item post-13972 post type-post status-publish format-standard has-post-thumbnail hentry category-reserva-de-la-biosfera\">\n\t<div class=\"crane-blog-grid-item-wrapper\">\n\n\t\t\t\t\t<div class=\"crane-blog-grid-item-placeholder\" style=\"background-image: url('https:\/\/terrasdomino.deputacionlugo.org\/wp-content\/uploads\/2026\/04\/abellas-1000x600.jpg');\">\n\t\t\t\t<a href=\"https:\/\/terrasdomino.deputacionlugo.org\/es\/a-deputacion-financia-un-inventario-sobre-os-polinizadores-das-reservas-da-biosfera-terras-do-mino-e-os-ancares-lucenses\/\"><\/a>\n\t\t\t<\/div>\n\t\t\t\n\t\t\t<div class=\"crane-blog-grid-meta\">\r\n\t\t<h4 class=\"crane-blog-grid-meta__title\"><a href=\"https:\/\/terrasdomino.deputacionlugo.org\/es\/a-deputacion-financia-un-inventario-sobre-os-polinizadores-das-reservas-da-biosfera-terras-do-mino-e-os-ancares-lucenses\/\" rel=\"bookmark\"  class=\"blog-masonry__item__title\">A Deputaci\u00f3n financia un inventario sobre os polinizadores das Reservas da Biosfera Terras do Mi\u00f1o e Os Ancares Lucenses<\/a><\/h4>\t\t<div class=\"crane-blog-grid-meta__excerpt\">\r\n\t\t\tA Deputaci\u00f3n de Lugo v\u00e9n de financiar un inventario sobre os polinizadores das Reservas da Biosfera que xestiona, Terras do Mi\u00f1o e\u00a0 Os Ancares Lucenses. O proxecto, a cargo da Asociaci\u00f3n Corripa, contou con algo m\u00e1is de 18.000\u20ac da instituci\u00f3n provincial e foi presentado a semana pasada no Foro de Conservaci\u00f3n da Natureza do Comit\u00e9 ...\t\t<\/div>\r\n\t\t\t<\/div>\r\n\n\t<\/div>\n<\/div>\n<div id=\"post-13966\" class=\"crane-blog-grid-item post-13966 post type-post status-publish format-standard has-post-thumbnail hentry category-c-i-terras-do-mino-es\">\n\t<div class=\"crane-blog-grid-item-wrapper\">\n\n\t\t\t\t\t<div class=\"crane-blog-grid-item-placeholder\" style=\"background-image: url('https:\/\/terrasdomino.deputacionlugo.org\/wp-content\/uploads\/2026\/04\/Foto-arquivo-Exploradores-1000x600.jpg');\">\n\t\t\t\t<a href=\"https:\/\/terrasdomino.deputacionlugo.org\/es\/a-deputacion-abre-este-venres-o-prazo-de-inscricion-da-terceira-edicion-de-exploradores-de-terras-do-mino\/\"><\/a>\n\t\t\t<\/div>\n\t\t\t\n\t\t\t<div class=\"crane-blog-grid-meta\">\r\n\t\t<h4 class=\"crane-blog-grid-meta__title\"><a href=\"https:\/\/terrasdomino.deputacionlugo.org\/es\/a-deputacion-abre-este-venres-o-prazo-de-inscricion-da-terceira-edicion-de-exploradores-de-terras-do-mino\/\" rel=\"bookmark\"  class=\"blog-masonry__item__title\">A Deputaci\u00f3n abre este venres o prazo de inscrici\u00f3n da terceira edici\u00f3n de Exploradores de Terras do Mi\u00f1o<\/a><\/h4>\t\t<div class=\"crane-blog-grid-meta__excerpt\">\r\n\t\t\tA Deputaci\u00f3n de Lugo abre este venres o prazo de inscrici\u00f3n da terceira edici\u00f3n de Exploradores de Terras do Mi\u00f1o, o programa gratu\u00edto da instituci\u00f3n provincial para formar en educaci\u00f3n ambiental aos m\u00e1is pequenos da casa. Como os anos anteriores, esta iniciativa estar\u00e1 dirixida a nenos e nenas de entre 6 e 11 anos, e ...\t\t<\/div>\r\n\t\t\t<\/div>\r\n\n\t<\/div>\n<\/div>\n<div id=\"post-13960\" class=\"crane-blog-grid-item crane-blog-grid-item-alt post-13960 post type-post status-publish format-standard has-post-thumbnail hentry category-reserva-de-la-biosfera\">\n\t<div class=\"crane-blog-grid-item-wrapper\">\n\t\t\t<div class=\"crane-blog-grid-meta\">\r\n\t\t<h4 class=\"crane-blog-grid-meta__title\"><a href=\"https:\/\/terrasdomino.deputacionlugo.org\/es\/a-deputacion-lanza-en-fitur-a-sua-aposta-pola-natureza-da-man-do-cineasta-oliver-laxe\/\" rel=\"bookmark\"  class=\"blog-masonry__item__title\">A Deputaci\u00f3n lanza en FITUR a s\u00faa aposta pola natureza da man do cineasta \u00d3liver Laxe<\/a><\/h4>\t\t<div class=\"crane-blog-grid-meta__excerpt\">\r\n\t\t\tA Presidenta da Deputaci\u00f3n de Lugo, Carmela L\u00f3pez, presentou este venres en FITUR, xunto ao cineasta \u00d3liver Laxe, a campa\u00f1a tur\u00edstica da instituci\u00f3n provincial Provincia de Lugo, Reserva Natural. Unha iniciativa que aposta pola riqueza natural do territorio lucense como eixo dun modelo tur\u00edstico sostible, non masificado e vencellado ao territorio. Arrancou o acto no ...\t\t<\/div>\r\n\t\t\t<\/div>\r\n\t\t\t<div class=\"crane-blog-grid-item-placeholder\" style=\"background-image: url('https:\/\/terrasdomino.deputacionlugo.org\/wp-content\/uploads\/2026\/04\/FITUR2-1000x600.jpg');\">\n\t\t\t\t<a href=\"https:\/\/terrasdomino.deputacionlugo.org\/es\/a-deputacion-lanza-en-fitur-a-sua-aposta-pola-natureza-da-man-do-cineasta-oliver-laxe\/\"><\/a>\n\t\t\t<\/div>\n\t\t\t\t<\/div>\n<\/div>\n<div id=\"post-13954\" class=\"crane-blog-grid-item crane-blog-grid-item-alt post-13954 post type-post status-publish format-standard has-post-thumbnail hentry category-reserva-de-la-biosfera\">\n\t<div class=\"crane-blog-grid-item-wrapper\">\n\t\t\t<div class=\"crane-blog-grid-meta\">\r\n\t\t<h4 class=\"crane-blog-grid-meta__title\"><a href=\"https:\/\/terrasdomino.deputacionlugo.org\/es\/a-deputacion-presentara-en-fitur-a-campana-provincia-de-lugo-reserva-natural-apostando-pola-riqueza-ambiental-do-territorio-como-eixo-da-sua-estratexia-turistica\/\" rel=\"bookmark\"  class=\"blog-masonry__item__title\">A Deputaci\u00f3n presentar\u00e1 en Fitur a campa\u00f1a Provincia de Lugo, Reserva Natural, apostando pola riqueza ambiental do territorio como eixo da s\u00faa estratexia tur\u00edstica<\/a><\/h4>\t\t<div class=\"crane-blog-grid-meta__excerpt\">\r\n\t\t\tA Presidenta da Deputaci\u00f3n de Lugo, Carmela L\u00f3pez, desprazarase esta semana a Madrid para participar na Feira Internacional de Turismo (Fitur), onde presentar\u00e1 oficialmente a nova campa\u00f1a de promoci\u00f3n tur\u00edstica da instituci\u00f3n provincial baixo o lema Provincia de Lugo, Reserva Natural, unha iniciativa estrat\u00e9xica que sit\u00faa a riqueza natural da provincia no centro dun modelo ...\t\t<\/div>\r\n\t\t\t<\/div>\r\n\t\t\t<div class=\"crane-blog-grid-item-placeholder\" style=\"background-image: url('https:\/\/terrasdomino.deputacionlugo.org\/wp-content\/uploads\/2026\/04\/190126-Campana-da-Deputacion-de-FITUR-1000x600.jpg');\">\n\t\t\t\t<a href=\"https:\/\/terrasdomino.deputacionlugo.org\/es\/a-deputacion-presentara-en-fitur-a-campana-provincia-de-lugo-reserva-natural-apostando-pola-riqueza-ambiental-do-territorio-como-eixo-da-sua-estratexia-turistica\/\"><\/a>\n\t\t\t<\/div>\n\t\t\t\t<\/div>\n<\/div>\n<div id=\"post-13917\" class=\"crane-blog-grid-item post-13917 post type-post status-publish format-standard has-post-thumbnail hentry category-c-i-terras-do-mino-es\">\n\t<div class=\"crane-blog-grid-item-wrapper\">\n\n\t\t\t\t\t<div class=\"crane-blog-grid-item-placeholder\" style=\"background-image: url('https:\/\/terrasdomino.deputacionlugo.org\/wp-content\/uploads\/2026\/01\/Cartel-actividades-1T-2026-466x600.jpg');\">\n\t\t\t\t<a href=\"https:\/\/terrasdomino.deputacionlugo.org\/es\/a-deputacion-abre-o-luns-o-prazo-para-anotarse-nas-primeiras-18-actividades-da-reserva-terras-do-mino-do-2026\/\"><\/a>\n\t\t\t<\/div>\n\t\t\t\n\t\t\t<div class=\"crane-blog-grid-meta\">\r\n\t\t<h4 class=\"crane-blog-grid-meta__title\"><a href=\"https:\/\/terrasdomino.deputacionlugo.org\/es\/a-deputacion-abre-o-luns-o-prazo-para-anotarse-nas-primeiras-18-actividades-da-reserva-terras-do-mino-do-2026\/\" rel=\"bookmark\"  class=\"blog-masonry__item__title\">A Deputaci\u00f3n abre o luns o prazo para anotarse nas primeiras 18 actividades da Reserva Terras do Mi\u00f1o do 2026<\/a><\/h4>\t\t<div class=\"crane-blog-grid-meta__excerpt\">\r\n\t\t\tA Deputaci\u00f3n de Lugo abre o vindeiro luns, 29 de decembro, o prazo de inscrici\u00f3n para anotarse nas primeiras 18 actividades gratu\u00edtas que organiza a instituci\u00f3n provincial para fomentar o lecer saudable e a educaci\u00f3n ambiental na Reserva da Biosfera Terras do Mi\u00f1o. O calendario, que comezar\u00e1 o 2 de xaneiro e estenderase ata o ...\t\t<\/div>\r\n\t\t\t<\/div>\r\n\n\t<\/div>\n<\/div>\n<div id=\"post-13911\" class=\"crane-blog-grid-item post-13911 post type-post status-publish format-standard has-post-thumbnail hentry category-reserva-de-la-biosfera\">\n\t<div class=\"crane-blog-grid-item-wrapper\">\n\n\t\t\t\t\t<div class=\"crane-blog-grid-item-placeholder\" style=\"background-image: url('https:\/\/terrasdomino.deputacionlugo.org\/wp-content\/uploads\/2026\/01\/micolucus-2025-1000x600.jpeg');\">\n\t\t\t\t<a href=\"https:\/\/terrasdomino.deputacionlugo.org\/es\/o-pazo-de-san-marcos-acolle-a-presentacion-da-12a-revista-micolucus-coa-que-colabora-a-deputacion\/\"><\/a>\n\t\t\t<\/div>\n\t\t\t\n\t\t\t<div class=\"crane-blog-grid-meta\">\r\n\t\t<h4 class=\"crane-blog-grid-meta__title\"><a href=\"https:\/\/terrasdomino.deputacionlugo.org\/es\/o-pazo-de-san-marcos-acolle-a-presentacion-da-12a-revista-micolucus-coa-que-colabora-a-deputacion\/\" rel=\"bookmark\"  class=\"blog-masonry__item__title\">O Pazo de San Marcos acolle a presentaci\u00f3n da 12\u00aa revista Micolucus coa que colabora a Deputaci\u00f3n<\/a><\/h4>\t\t<div class=\"crane-blog-grid-meta__excerpt\">\r\n\t\t\tA Sociedade Micol\u00f3xica\u00a0Lucus\u00a0v\u00e9n de presentar este venres no Sal\u00f3n de Actos do Pazo de San Marcos a 12\u00aa edici\u00f3n da revista\u00a0anual\u00a0Micolucus. A\u00a0instituci\u00f3n provincial\u00a0colabora con este colectivo, de referencia no estudo e na divulgaci\u00f3n do patrimonio micol\u00f3xico da provincia, cunha achega econ\u00f3mica de 3.500\u20ac destinada \u00e1 elaboraci\u00f3n desta publicaci\u00f3n e a diferentes actividades de formaci\u00f3n.\u00a0Nesta ocasi\u00f3n,\u00a0a ...\t\t<\/div>\r\n\t\t\t<\/div>\r\n\n\t<\/div>\n<\/div>\n<\/div><\/div>[\/vc_column][\/vc_row][vc_row ct_row_stretch=\u00bb\u00bb][vc_column]<div class=\"ult-spacer spacer-69f1127b23431\" data-id=\"69f1127b23431\" data-height=\"60\" data-height-mobile=\"20\" data-height-tab=\"40\" data-height-tab-portrait=\"40\" data-height-mobile-landscape=\"20\" style=\"clear:both;display:block;\"><\/div>[\/vc_column][\/vc_row][vc_row ct_row_stretch=\u00bb\u00bb equal_height=\u00bbyes\u00bb][vc_column width=\u00bb1\/6&#8243;][vc_single_image image=\u00bb10448&#8243; img_size=\u00bbfull\u00bb][\/vc_column][vc_column width=\u00bb1\/6&#8243;][vc_single_image image=\u00bb9595&#8243; img_size=\u00bbfull\u00bb][\/vc_column][vc_column width=\u00bb1\/6&#8243;][vc_single_image image=\u00bb10452&#8243; img_size=\u00bbfull\u00bb][\/vc_column][vc_column width=\u00bb1\/6&#8243;][vc_single_image image=\u00bb10458&#8243; img_size=\u00bbfull\u00bb][\/vc_column][vc_column width=\u00bb1\/6&#8243;][vc_single_image image=\u00bb10462&#8243; img_size=\u00bbfull\u00bb][\/vc_column][vc_column width=\u00bb1\/6&#8243;][vc_single_image image=\u00bb14043&#8243; img_size=\u00bbfull\u00bb][\/vc_column][\/vc_row][vc_row ct_row_stretch=\u00bb\u00bb][vc_column]<div class=\"ult-spacer spacer-69f1127b2345d\" data-id=\"69f1127b2345d\" data-height=\"60\" data-height-mobile=\"20\" data-height-tab=\"40\" data-height-tab-portrait=\"40\" data-height-mobile-landscape=\"20\" style=\"clear:both;display:block;\"><\/div>[\/vc_column][\/vc_row][vc_row ct_row_stretch=\u00bb\u00bb][vc_column][vc_column_text]\n<p style=\"text-align: center;\"><em><span style=\"font-size: 10.0pt; font-family: 'Verdana','sans-serif';\">Este trabajo fue financiado \u00edntegramente por los fondos Next Generation de la Uni\u00f3n Europea a trav\u00e9s de la subvenci\u00f3n convocada por la Xunta de Galicia \u201cAyudas para actuaciones por parte de los \u00f3rganos de gesti\u00f3n de las reservas de la biosfera de Galicia con cargo al Plan de Recuperaci\u00f3n, Transformaci\u00f3n y Resiliencia, financiado por la Uni\u00f3n Europea-NextGenerationEU, para los a\u00f1os 2022 y 2023\u201d. Con todo, los puntos de vista y las opiniones expresadas son \u00fanicamente los del autor o autores y no reflejan necesariamente los de la Uni\u00f3n Europea o la Comisi\u00f3n Europea. Ni la Uni\u00f3n Europea ni la Comisi\u00f3n Europea son responsables de ellas.<\/span><\/em><\/p>\n[\/vc_column_text][\/vc_column][\/vc_row][vc_row ct_row_stretch=\u00bb\u00bb][vc_column]<div class=\"ult-spacer spacer-69f1127b2347c\" data-id=\"69f1127b2347c\" data-height=\"60\" data-height-mobile=\"20\" data-height-tab=\"40\" data-height-tab-portrait=\"40\" data-height-mobile-landscape=\"20\" style=\"clear:both;display:block;\"><\/div>[\/vc_column][\/vc_row]\n","protected":false},"excerpt":{"rendered":"<p>[vc_row ct_row_stretch=\u00bbstretch_row\u00bb full_height=\u00bbyes\u00bb content_placement=\u00bbmiddle\u00bb ct_bg_image=\u00bb9215&#8243; ct_bg_repeat=\u00bbno-repeat\u00bb ct_bg_size=\u00bbcover\u00bb][vc_column css=\u00bb.vc_custom_1687433019867{background-image: url(https:\/\/terrasdomino.deputacionlugo.org\/wp-content\/uploads\/2023\/06\/transparencia-cabtm.png?id=9752) !important;background-position: center !important;background-repeat: no-repeat !important;background-size: contain !important;}\u00bb][\/vc_column][vc_column offset=\u00bbvc_col-md-offset-2 vc_col-md-8&#8243;][\/vc_column][vc_column offset=\u00bbvc_col-lg-offset-4 vc_col-lg-4&#8243;][\/vc_column][\/vc_row][vc_row ct_row_stretch=\u00bb\u00bb equal_height=\u00bbyes\u00bb ct_bg_color=\u00bb#0071ce\u00bb ct_bg_image=\u00bb8856&#8243; ct_bg_size=\u00bbcover\u00bb css=\u00bb.vc_custom_1519645284022{border-radius: 4px !important;}\u00bb el_class=\u00bbtop-gap\u00bb][vc_column width=\u00bb1\/3&#8243; offset=\u00bbvc_col-lg-offset-0 vc_col-lg-4 vc_col-md-offset-0 vc_col-md-4 vc_col-sm-offset-0 vc_col-xs-12&#8243;][vc_row_inner][vc_column_inner width=\u00bb5\/6&#8243; css=\u00bb.vc_custom_1515595079190{padding-right: 0px !important;padding-left: 0px !important;}\u00bb offset=\u00bbvc_col-lg-3 vc_col-md-4&#8243;][\/vc_column_inner][vc_column_inner css=\u00bb.vc_custom_1515411606184{padding-right: 0px !important;padding-left: 0px !important;}\u00bb offset=\u00bbvc_col-lg-9 vc_col-md-8&#8243;][\/vc_column_inner][\/vc_row_inner][\/vc_column][vc_column width=\u00bb1\/3&#8243; offset=\u00bbvc_col-lg-offset-0 vc_col-lg-4 vc_col-md-offset-0 &#8230;<\/p>\n","protected":false},"author":2,"featured_media":0,"parent":0,"menu_order":0,"comment_status":"closed","ping_status":"closed","template":"","meta":{"_eb_attr":"","footnotes":""},"class_list":["post-10400","page","type-page","status-publish","hentry"],"_links":{"self":[{"href":"https:\/\/terrasdomino.deputacionlugo.org\/es\/wp-json\/wp\/v2\/pages\/10400","targetHints":{"allow":["GET"]}}],"collection":[{"href":"https:\/\/terrasdomino.deputacionlugo.org\/es\/wp-json\/wp\/v2\/pages"}],"about":[{"href":"https:\/\/terrasdomino.deputacionlugo.org\/es\/wp-json\/wp\/v2\/types\/page"}],"author":[{"embeddable":true,"href":"https:\/\/terrasdomino.deputacionlugo.org\/es\/wp-json\/wp\/v2\/users\/2"}],"replies":[{"embeddable":true,"href":"https:\/\/terrasdomino.deputacionlugo.org\/es\/wp-json\/wp\/v2\/comments?post=10400"}],"version-history":[{"count":4,"href":"https:\/\/terrasdomino.deputacionlugo.org\/es\/wp-json\/wp\/v2\/pages\/10400\/revisions"}],"predecessor-version":[{"id":14063,"href":"https:\/\/terrasdomino.deputacionlugo.org\/es\/wp-json\/wp\/v2\/pages\/10400\/revisions\/14063"}],"wp:attachment":[{"href":"https:\/\/terrasdomino.deputacionlugo.org\/es\/wp-json\/wp\/v2\/media?parent=10400"}],"curies":[{"name":"wp","href":"https:\/\/api.w.org\/{rel}","templated":true}]}}